{"id":2297,"date":"2022-07-14T10:43:00","date_gmt":"2022-07-14T09:43:00","guid":{"rendered":"https:\/\/feuerwehr-feistritz.at\/?post_type=einsatz&#038;p=2297"},"modified":"2022-07-23T09:04:47","modified_gmt":"2022-07-23T08:04:47","slug":"t-person-1-tuer-wohnung-oeffnen-person-in-gefahr-14-07-2022","status":"publish","type":"einsatz","link":"https:\/\/feuerwehr-feistritz.at\/index.php\/einsatzberichte\/2297-t-person-1-tuer-wohnung-oeffnen-person-in-gefahr-14-07-2022\/","title":{"rendered":"T Person 1, T\u00fcr\/Wohnung \u00f6ffnen- Person in Gefahr, 14.07.2022"},"content":{"rendered":"<p>Durch die Polizei Paternion wurden die Feuerwehren Paternion und Feistritz\/Drau um 10:43 Uhr verst\u00e4ndigt. In einer Wohnung in Paternion wurde ein Notfall vermutet.\u00a0<\/p>\n<p>Nach absprache mit der Polizei wurde die Wohnungst\u00fcre gewaltsam mit dem T\u00fcr\u00f6ffnungsset ge\u00f6ffnet.\u00a0<\/p>\n<p>In der Wohnung wurde der Wohnungsbesitzer am Boden liegend aufgefunden. Umgehend wurde die Rettung mit Notarzt zur Einsatzstelle beordert. Die Person, welche ansprechbar war wurde durch einen First Responder der Feuerwehr betreut.\u00a0<\/p>\n<p>Nach der not\u00e4rztlichen Erstversorgung wurde die Person mit dem Rettungshubschrauber RK1 ins Krankenhaus nach Villach geflogen\u00a0<\/p>\n\n<div class=\"pgc-sgb-cb wp-block-pgcsimplygalleryblock-slider \" data-gallery-id=\"61239700\"style=&quot;min-height:400px&quot;><div class=\"sgb-preloader\" id=\"pr_61239700\">\n\t<div class=\"sgb-square\" style=\"background:#d4d4d4\"><\/div>\n\t<div class=\"sgb-square\" style=\"background:#d4d4d4\"><\/div>\n\t<div class=\"sgb-square\" style=\"background:#d4d4d4\"><\/div>\n\t<div class=\"sgb-square\" style=\"background:#d4d4d4\"><\/div><\/div><div class=\"simply-gallery-amp pgc_sgb_slider \"><noscript><div class=\"sgb-gallery\"><div class=\"sgb-item\"><a href=\"https:\/\/feuerwehr-feistritz.at\/?attachment_id=2298\" target=\"_blank\"><img decoding=\"async\" alt=\"\" width=\"300\" height=\"225\" loading=\"lazy\" src=\"https:\/\/feuerwehr-feistritz.at\/wp-content\/uploads\/2022\/07\/IMG_5296-300x225.jpeg\" srcset=\"https:\/\/feuerwehr-feistritz.at\/wp-content\/uploads\/2022\/07\/IMG_5296-300x225.jpeg 300w,https:\/\/feuerwehr-feistritz.at\/wp-content\/uploads\/2022\/07\/IMG_5296-1024x768.jpeg 1024w,https:\/\/feuerwehr-feistritz.at\/wp-content\/uploads\/2022\/07\/IMG_5296.jpeg 1612w\" sizes=\"auto, 250px\"\/><\/a><\/div><div class=\"sgb-item\"><a href=\"https:\/\/feuerwehr-feistritz.at\/?attachment_id=2299\" target=\"_blank\"><img decoding=\"async\" alt=\"\" width=\"300\" height=\"225\" loading=\"lazy\" src=\"https:\/\/feuerwehr-feistritz.at\/wp-content\/uploads\/2022\/07\/IMG_5297-300x225.jpeg\" srcset=\"https:\/\/feuerwehr-feistritz.at\/wp-content\/uploads\/2022\/07\/IMG_5297-300x225.jpeg 300w,https:\/\/feuerwehr-feistritz.at\/wp-content\/uploads\/2022\/07\/IMG_5297-1024x768.jpeg 1024w,https:\/\/feuerwehr-feistritz.at\/wp-content\/uploads\/2022\/07\/IMG_5297.jpeg 1612w\" sizes=\"auto, 250px\"\/><\/a><\/div><div class=\"sgb-item\"><a href=\"https:\/\/feuerwehr-feistritz.at\/?attachment_id=2300\" target=\"_blank\"><img decoding=\"async\" alt=\"\" width=\"300\" height=\"225\" loading=\"lazy\" src=\"https:\/\/feuerwehr-feistritz.at\/wp-content\/uploads\/2022\/07\/IMG_5298-300x225.jpeg\" srcset=\"https:\/\/feuerwehr-feistritz.at\/wp-content\/uploads\/2022\/07\/IMG_5298-300x225.jpeg 300w,https:\/\/feuerwehr-feistritz.at\/wp-content\/uploads\/2022\/07\/IMG_5298-1024x768.jpeg 1024w,https:\/\/feuerwehr-feistritz.at\/wp-content\/uploads\/2022\/07\/IMG_5298.jpeg 1612w\" sizes=\"auto, 250px\"\/><\/a><\/div><\/div><\/noscript><\/div><script type=\"application\/json\" class=\"sgb-data\">{\"sliderAdminWidth\":840,\"galleryType\":\"pgc_sgb_slider\",\"galleryId\":\"61239700\",\"images\":[{\"id\":2298,\"title\":\"IMG_5296\",\"url\":\"https:\/\/feuerwehr-feistritz.at\/wp-content\/uploads\/2022\/07\/IMG_5296.jpeg\",\"link\":\"https:\/\/feuerwehr-feistritz.at\/?attachment_id=2298\",\"alt\":\"\",\"description\":\"\",\"caption\":\"\",\"mime\":\"image\/jpeg\",\"type\":\"image\",\"width\":1612,\"height\":1209,\"sizes\":{\"thumbnail\":{\"height\":150,\"width\":150,\"url\":\"https:\/\/feuerwehr-feistritz.at\/wp-content\/uploads\/2022\/07\/IMG_5296-150x150.jpeg\",\"orientation\":\"landscape\"},\"medium\":{\"height\":225,\"width\":300,\"url\":\"https:\/\/feuerwehr-feistritz.at\/wp-content\/uploads\/2022\/07\/IMG_5296-300x225.jpeg\",\"orientation\":\"landscape\"},\"large\":{\"height\":768,\"width\":1024,\"url\":\"https:\/\/feuerwehr-feistritz.at\/wp-content\/uploads\/2022\/07\/IMG_5296-1024x768.jpeg\",\"orientation\":\"landscape\"},\"full\":{\"url\":\"https:\/\/feuerwehr-feistritz.at\/wp-content\/uploads\/2022\/07\/IMG_5296.jpeg\",\"height\":1209,\"width\":1612,\"orientation\":\"landscape\"}},\"meta\":false,\"postlink\":\"https:\/\/feuerwehr-feistritz.at\/?attachment_id=2298\"},{\"id\":2299,\"title\":\"IMG_5297\",\"url\":\"https:\/\/feuerwehr-feistritz.at\/wp-content\/uploads\/2022\/07\/IMG_5297.jpeg\",\"link\":\"https:\/\/feuerwehr-feistritz.at\/?attachment_id=2299\",\"alt\":\"\",\"description\":\"\",\"caption\":\"\",\"mime\":\"image\/jpeg\",\"type\":\"image\",\"width\":1612,\"height\":1209,\"sizes\":{\"thumbnail\":{\"height\":150,\"width\":150,\"url\":\"https:\/\/feuerwehr-feistritz.at\/wp-content\/uploads\/2022\/07\/IMG_5297-150x150.jpeg\",\"orientation\":\"landscape\"},\"medium\":{\"height\":225,\"width\":300,\"url\":\"https:\/\/feuerwehr-feistritz.at\/wp-content\/uploads\/2022\/07\/IMG_5297-300x225.jpeg\",\"orientation\":\"landscape\"},\"large\":{\"height\":768,\"width\":1024,\"url\":\"https:\/\/feuerwehr-feistritz.at\/wp-content\/uploads\/2022\/07\/IMG_5297-1024x768.jpeg\",\"orientation\":\"landscape\"},\"full\":{\"url\":\"https:\/\/feuerwehr-feistritz.at\/wp-content\/uploads\/2022\/07\/IMG_5297.jpeg\",\"height\":1209,\"width\":1612,\"orientation\":\"landscape\"}},\"meta\":false,\"postlink\":\"https:\/\/feuerwehr-feistritz.at\/?attachment_id=2299\"},{\"id\":2300,\"title\":\"IMG_5298\",\"url\":\"https:\/\/feuerwehr-feistritz.at\/wp-content\/uploads\/2022\/07\/IMG_5298.jpeg\",\"link\":\"https:\/\/feuerwehr-feistritz.at\/?attachment_id=2300\",\"alt\":\"\",\"description\":\"\",\"caption\":\"\",\"mime\":\"image\/jpeg\",\"type\":\"image\",\"width\":1612,\"height\":1209,\"sizes\":{\"thumbnail\":{\"height\":150,\"width\":150,\"url\":\"https:\/\/feuerwehr-feistritz.at\/wp-content\/uploads\/2022\/07\/IMG_5298-150x150.jpeg\",\"orientation\":\"landscape\"},\"medium\":{\"height\":225,\"width\":300,\"url\":\"https:\/\/feuerwehr-feistritz.at\/wp-content\/uploads\/2022\/07\/IMG_5298-300x225.jpeg\",\"orientation\":\"landscape\"},\"large\":{\"height\":768,\"width\":1024,\"url\":\"https:\/\/feuerwehr-feistritz.at\/wp-content\/uploads\/2022\/07\/IMG_5298-1024x768.jpeg\",\"orientation\":\"landscape\"},\"full\":{\"url\":\"https:\/\/feuerwehr-feistritz.at\/wp-content\/uploads\/2022\/07\/IMG_5298.jpeg\",\"height\":1209,\"width\":1612,\"orientation\":\"landscape\"}},\"meta\":false,\"postlink\":\"https:\/\/feuerwehr-feistritz.at\/?attachment_id=2300\"}],\"itemsMetaDataCollection\":[]}<\/script><script>(function(){if(window.PGC_SGB && window.PGC_SGB.searcher){window.PGC_SGB.searcher.initBlocks()}})()<\/script><\/div>\n\n<div class=\"taxonomy-post_tag wp-block-post-terms\"><a href=\"https:\/\/feuerwehr-feistritz.at\/index.php\/tag\/person-in-gefahr\/\" rel=\"tag\">Person in Gefahr<\/a><span class=\"wp-block-post-terms__separator\">, <\/span><a href=\"https:\/\/feuerwehr-feistritz.at\/index.php\/tag\/technischer-einsatz\/\" rel=\"tag\">Technischer Einsatz<\/a><span class=\"wp-block-post-terms__separator\">, <\/span><a href=\"https:\/\/feuerwehr-feistritz.at\/index.php\/tag\/wohnungsoeffnung\/\" rel=\"tag\">Wohnungs\u00f6ffnung<\/a><\/div>","protected":false},"excerpt":{"rendered":"<p>Durch die Polizei Paternion wurden die Feuerwehren Paternion und Feistritz\/Drau [&hellip;]<\/p>\n","protected":false},"author":2,"featured_media":2299,"template":"","meta":{"pgc_sgb_lightbox_settings":"","einsatz_weight":1,"footnotes":""},"categories":[2],"tags":[172,22,25],"einsatzart":[42],"fahrzeug":[90,45],"exteinsatzmittel":[113,50,115,51],"alarmierungsart":[52],"evw_unit":[64,57],"class_list":["post-2297","einsatz","type-einsatz","status-publish","has-post-thumbnail","hentry","category-einsatz","tag-person-in-gefahr","tag-technischer-einsatz","tag-wohnungsoeffnung","einsatzart-technischer-einsatz","fahrzeug-lfa-4","fahrzeug-rlfa-2000","exteinsatzmittel-notarzt-dr-roland-rauter","exteinsatzmittel-polizei-kaernten","exteinsatzmittel-rettungshubschrauber-rk1","exteinsatzmittel-rotes-kreuz-kaernten","alarmierungsart-sirenenalarm","evw_unit-feuerwehr-feistritz-drau","evw_unit-feuerwehr-paternion","col-md-4 col-sm-4"],"_links":{"self":[{"href":"https:\/\/feuerwehr-feistritz.at\/index.php\/wp-json\/wp\/v2\/einsatz\/2297","targetHints":{"allow":["GET"]}}],"collection":[{"href":"https:\/\/feuerwehr-feistritz.at\/index.php\/wp-json\/wp\/v2\/einsatz"}],"about":[{"href":"https:\/\/feuerwehr-feistritz.at\/index.php\/wp-json\/wp\/v2\/types\/einsatz"}],"author":[{"embeddable":true,"href":"https:\/\/feuerwehr-feistritz.at\/index.php\/wp-json\/wp\/v2\/users\/2"}],"version-history":[{"count":1,"href":"https:\/\/feuerwehr-feistritz.at\/index.php\/wp-json\/wp\/v2\/einsatz\/2297\/revisions"}],"predecessor-version":[{"id":2301,"href":"https:\/\/feuerwehr-feistritz.at\/index.php\/wp-json\/wp\/v2\/einsatz\/2297\/revisions\/2301"}],"wp:featuredmedia":[{"embeddable":true,"href":"https:\/\/feuerwehr-feistritz.at\/index.php\/wp-json\/wp\/v2\/media\/2299"}],"wp:attachment":[{"href":"https:\/\/feuerwehr-feistritz.at\/index.php\/wp-json\/wp\/v2\/media?parent=2297"}],"wp:term":[{"taxonomy":"category","embeddable":true,"href":"https:\/\/feuerwehr-feistritz.at\/index.php\/wp-json\/wp\/v2\/categories?post=2297"},{"taxonomy":"post_tag","embeddable":true,"href":"https:\/\/feuerwehr-feistritz.at\/index.php\/wp-json\/wp\/v2\/tags?post=2297"},{"taxonomy":"einsatzart","embeddable":true,"href":"https:\/\/feuerwehr-feistritz.at\/index.php\/wp-json\/wp\/v2\/einsatzart?post=2297"},{"taxonomy":"fahrzeug","embeddable":true,"href":"https:\/\/feuerwehr-feistritz.at\/index.php\/wp-json\/wp\/v2\/fahrzeug?post=2297"},{"taxonomy":"exteinsatzmittel","embeddable":true,"href":"https:\/\/feuerwehr-feistritz.at\/index.php\/wp-json\/wp\/v2\/exteinsatzmittel?post=2297"},{"taxonomy":"alarmierungsart","embeddable":true,"href":"https:\/\/feuerwehr-feistritz.at\/index.php\/wp-json\/wp\/v2\/alarmierungsart?post=2297"},{"taxonomy":"evw_unit","embeddable":true,"href":"https:\/\/feuerwehr-feistritz.at\/index.php\/wp-json\/wp\/v2\/evw_unit?post=2297"}],"curies":[{"name":"wp","href":"https:\/\/api.w.org\/{rel}","templated":true}]}}