{"id":2303,"date":"2022-07-23T08:09:00","date_gmt":"2022-07-23T07:09:00","guid":{"rendered":"https:\/\/feuerwehr-feistritz.at\/?post_type=einsatz&#038;p=2303"},"modified":"2022-07-23T09:38:31","modified_gmt":"2022-07-23T08:38:31","slug":"t-vu-4-verkehrsunfall-mit-mehreren-eingeklemmten-personen-a10-23-07-2022","status":"publish","type":"einsatz","link":"https:\/\/feuerwehr-feistritz.at\/index.php\/einsatzberichte\/2303-t-vu-4-verkehrsunfall-mit-mehreren-eingeklemmten-personen-a10-23-07-2022\/","title":{"rendered":"T VU 4, Verkehrsunfall mit mehreren eingeklemmten Personen, A10, 23.07.2022"},"content":{"rendered":"<p>Am 23.07.2022 kam es zu einem Auffahrunfall mit mehreren Fahrzeugen im Kroislerwandtunnel auf der A10 Tauernautobahn in Fahrtrichtung Villach.\u00a0<\/p>\n<p>Die Feuerwehren T\u00f6plitsch, St.Peter\/Spittal und Feistritz\/Drau wurden gegen 08:09 Uhr von der Landesalarm und Warnzentrale alarmiert.\u00a0<\/p>\n<p>Die anf\u00e4ngliche Meldung, dass sich mehrere Personen eingeklemmt im Fahrzeug befinden konnte zum Gl\u00fcck nicht best\u00e4tigt werden. Die Aufgabe der Feuerwehren beschr\u00e4nkte sich auf die Sicherungsarbeiten sowie unterst\u00fctzend der Asfinag mit den Reinigungsarbeiten der Fahrbahn.\u00a0<\/p>\n<p>Die 4 besch\u00e4digten Fahrzeuge wurden durch ein privates Abschleppunternehmen verbracht, 2 leicht verletzte Personen wurden durch das ebenso anwesende Rote Kreuz ins Krankenhaus verbracht.\u00a0<\/p>\n\n<div class=\"pgc-sgb-cb wp-block-pgcsimplygalleryblock-slider \" data-gallery-id=\"ebc40451\"style=&quot;min-height:400px&quot;><div class=\"sgb-preloader\" id=\"pr_ebc40451\">\n\t<div class=\"sgb-square\" style=\"background:#d4d4d4\"><\/div>\n\t<div class=\"sgb-square\" style=\"background:#d4d4d4\"><\/div>\n\t<div class=\"sgb-square\" style=\"background:#d4d4d4\"><\/div>\n\t<div class=\"sgb-square\" style=\"background:#d4d4d4\"><\/div><\/div><div class=\"simply-gallery-amp pgc_sgb_slider \"><noscript><div class=\"sgb-gallery\"><div class=\"sgb-item\"><a href=\"https:\/\/feuerwehr-feistritz.at\/?attachment_id=2304\" target=\"_blank\"><img decoding=\"async\" alt=\"\" width=\"300\" height=\"225\" loading=\"lazy\" src=\"https:\/\/feuerwehr-feistritz.at\/wp-content\/uploads\/2022\/07\/WhatsApp-Image-2022-07-23-at-08.29.45-300x225.jpeg\" srcset=\"https:\/\/feuerwehr-feistritz.at\/wp-content\/uploads\/2022\/07\/WhatsApp-Image-2022-07-23-at-08.29.45-300x225.jpeg 300w,https:\/\/feuerwehr-feistritz.at\/wp-content\/uploads\/2022\/07\/WhatsApp-Image-2022-07-23-at-08.29.45.jpeg 819w\" sizes=\"auto, 250px\"\/><\/a><\/div><div class=\"sgb-item\"><a href=\"https:\/\/feuerwehr-feistritz.at\/?attachment_id=2305\" target=\"_blank\"><img decoding=\"async\" alt=\"\" width=\"300\" height=\"225\" loading=\"lazy\" src=\"https:\/\/feuerwehr-feistritz.at\/wp-content\/uploads\/2022\/07\/WhatsApp-Image-2022-07-23-at-08.29.46-1-300x225.jpeg\" srcset=\"https:\/\/feuerwehr-feistritz.at\/wp-content\/uploads\/2022\/07\/WhatsApp-Image-2022-07-23-at-08.29.46-1-300x225.jpeg 300w,https:\/\/feuerwehr-feistritz.at\/wp-content\/uploads\/2022\/07\/WhatsApp-Image-2022-07-23-at-08.29.46-1.jpeg 819w\" sizes=\"auto, 250px\"\/><\/a><\/div><div class=\"sgb-item\"><a href=\"https:\/\/feuerwehr-feistritz.at\/?attachment_id=2306\" target=\"_blank\"><img decoding=\"async\" alt=\"\" width=\"300\" height=\"225\" loading=\"lazy\" src=\"https:\/\/feuerwehr-feistritz.at\/wp-content\/uploads\/2022\/07\/WhatsApp-Image-2022-07-23-at-08.29.46-2-300x225.jpeg\" srcset=\"https:\/\/feuerwehr-feistritz.at\/wp-content\/uploads\/2022\/07\/WhatsApp-Image-2022-07-23-at-08.29.46-2-300x225.jpeg 300w,https:\/\/feuerwehr-feistritz.at\/wp-content\/uploads\/2022\/07\/WhatsApp-Image-2022-07-23-at-08.29.46-2.jpeg 819w\" sizes=\"auto, 250px\"\/><\/a><\/div><div class=\"sgb-item\"><a href=\"https:\/\/feuerwehr-feistritz.at\/?attachment_id=2307\" target=\"_blank\"><img decoding=\"async\" alt=\"\" width=\"300\" height=\"225\" loading=\"lazy\" src=\"https:\/\/feuerwehr-feistritz.at\/wp-content\/uploads\/2022\/07\/WhatsApp-Image-2022-07-23-at-08.29.46-300x225.jpeg\" srcset=\"https:\/\/feuerwehr-feistritz.at\/wp-content\/uploads\/2022\/07\/WhatsApp-Image-2022-07-23-at-08.29.46-300x225.jpeg 300w,https:\/\/feuerwehr-feistritz.at\/wp-content\/uploads\/2022\/07\/WhatsApp-Image-2022-07-23-at-08.29.46.jpeg 819w\" sizes=\"auto, 250px\"\/><\/a><\/div><div class=\"sgb-item\"><a href=\"https:\/\/feuerwehr-feistritz.at\/?attachment_id=2308\" target=\"_blank\"><img decoding=\"async\" alt=\"\" width=\"300\" height=\"225\" loading=\"lazy\" src=\"https:\/\/feuerwehr-feistritz.at\/wp-content\/uploads\/2022\/07\/WhatsApp-Image-2022-07-23-at-09.04.04-300x225.jpeg\" srcset=\"https:\/\/feuerwehr-feistritz.at\/wp-content\/uploads\/2022\/07\/WhatsApp-Image-2022-07-23-at-09.04.04-300x225.jpeg 300w,https:\/\/feuerwehr-feistritz.at\/wp-content\/uploads\/2022\/07\/WhatsApp-Image-2022-07-23-at-09.04.04.jpeg 805w\" sizes=\"auto, 250px\"\/><\/a><\/div><div class=\"sgb-item\"><a href=\"https:\/\/feuerwehr-feistritz.at\/?attachment_id=2309\" target=\"_blank\"><img decoding=\"async\" alt=\"\" width=\"300\" height=\"225\" loading=\"lazy\" src=\"https:\/\/feuerwehr-feistritz.at\/wp-content\/uploads\/2022\/07\/WhatsApp-Image-2022-07-23-at-09.04.08-300x225.jpeg\" srcset=\"https:\/\/feuerwehr-feistritz.at\/wp-content\/uploads\/2022\/07\/WhatsApp-Image-2022-07-23-at-09.04.08-300x225.jpeg 300w,https:\/\/feuerwehr-feistritz.at\/wp-content\/uploads\/2022\/07\/WhatsApp-Image-2022-07-23-at-09.04.08.jpeg 805w\" sizes=\"auto, 250px\"\/><\/a><\/div><div class=\"sgb-item\"><a href=\"https:\/\/feuerwehr-feistritz.at\/?attachment_id=2310\" target=\"_blank\"><img decoding=\"async\" alt=\"\" width=\"300\" height=\"225\" loading=\"lazy\" src=\"https:\/\/feuerwehr-feistritz.at\/wp-content\/uploads\/2022\/07\/WhatsApp-Image-2022-07-23-at-09.04.09-1-300x225.jpeg\" srcset=\"https:\/\/feuerwehr-feistritz.at\/wp-content\/uploads\/2022\/07\/WhatsApp-Image-2022-07-23-at-09.04.09-1-300x225.jpeg 300w,https:\/\/feuerwehr-feistritz.at\/wp-content\/uploads\/2022\/07\/WhatsApp-Image-2022-07-23-at-09.04.09-1.jpeg 805w\" sizes=\"auto, 250px\"\/><\/a><\/div><\/div><\/noscript><\/div><script type=\"application\/json\" class=\"sgb-data\">{\"sliderAdminWidth\":840,\"galleryType\":\"pgc_sgb_slider\",\"galleryId\":\"ebc40451\",\"images\":[{\"id\":2304,\"title\":\"WhatsApp Image 2022-07-23 at 08.29.45\",\"url\":\"https:\/\/feuerwehr-feistritz.at\/wp-content\/uploads\/2022\/07\/WhatsApp-Image-2022-07-23-at-08.29.45.jpeg\",\"link\":\"https:\/\/feuerwehr-feistritz.at\/?attachment_id=2304\",\"alt\":\"\",\"description\":\"\",\"caption\":\"\",\"mime\":\"image\/jpeg\",\"type\":\"image\",\"width\":819,\"height\":614,\"sizes\":{\"thumbnail\":{\"height\":150,\"width\":150,\"url\":\"https:\/\/feuerwehr-feistritz.at\/wp-content\/uploads\/2022\/07\/WhatsApp-Image-2022-07-23-at-08.29.45-150x150.jpeg\",\"orientation\":\"landscape\"},\"medium\":{\"height\":225,\"width\":300,\"url\":\"https:\/\/feuerwehr-feistritz.at\/wp-content\/uploads\/2022\/07\/WhatsApp-Image-2022-07-23-at-08.29.45-300x225.jpeg\",\"orientation\":\"landscape\"},\"full\":{\"url\":\"https:\/\/feuerwehr-feistritz.at\/wp-content\/uploads\/2022\/07\/WhatsApp-Image-2022-07-23-at-08.29.45.jpeg\",\"height\":614,\"width\":819,\"orientation\":\"landscape\"}},\"meta\":false,\"postlink\":\"https:\/\/feuerwehr-feistritz.at\/?attachment_id=2304\"},{\"id\":2305,\"title\":\"WhatsApp Image 2022-07-23 at 08.29.46 (1)\",\"url\":\"https:\/\/feuerwehr-feistritz.at\/wp-content\/uploads\/2022\/07\/WhatsApp-Image-2022-07-23-at-08.29.46-1.jpeg\",\"link\":\"https:\/\/feuerwehr-feistritz.at\/?attachment_id=2305\",\"alt\":\"\",\"description\":\"\",\"caption\":\"\",\"mime\":\"image\/jpeg\",\"type\":\"image\",\"width\":819,\"height\":614,\"sizes\":{\"thumbnail\":{\"height\":150,\"width\":150,\"url\":\"https:\/\/feuerwehr-feistritz.at\/wp-content\/uploads\/2022\/07\/WhatsApp-Image-2022-07-23-at-08.29.46-1-150x150.jpeg\",\"orientation\":\"landscape\"},\"medium\":{\"height\":225,\"width\":300,\"url\":\"https:\/\/feuerwehr-feistritz.at\/wp-content\/uploads\/2022\/07\/WhatsApp-Image-2022-07-23-at-08.29.46-1-300x225.jpeg\",\"orientation\":\"landscape\"},\"full\":{\"url\":\"https:\/\/feuerwehr-feistritz.at\/wp-content\/uploads\/2022\/07\/WhatsApp-Image-2022-07-23-at-08.29.46-1.jpeg\",\"height\":614,\"width\":819,\"orientation\":\"landscape\"}},\"meta\":false,\"postlink\":\"https:\/\/feuerwehr-feistritz.at\/?attachment_id=2305\"},{\"id\":2306,\"title\":\"WhatsApp Image 2022-07-23 at 08.29.46 (2)\",\"url\":\"https:\/\/feuerwehr-feistritz.at\/wp-content\/uploads\/2022\/07\/WhatsApp-Image-2022-07-23-at-08.29.46-2.jpeg\",\"link\":\"https:\/\/feuerwehr-feistritz.at\/?attachment_id=2306\",\"alt\":\"\",\"description\":\"\",\"caption\":\"\",\"mime\":\"image\/jpeg\",\"type\":\"image\",\"width\":819,\"height\":614,\"sizes\":{\"thumbnail\":{\"height\":150,\"width\":150,\"url\":\"https:\/\/feuerwehr-feistritz.at\/wp-content\/uploads\/2022\/07\/WhatsApp-Image-2022-07-23-at-08.29.46-2-150x150.jpeg\",\"orientation\":\"landscape\"},\"medium\":{\"height\":225,\"width\":300,\"url\":\"https:\/\/feuerwehr-feistritz.at\/wp-content\/uploads\/2022\/07\/WhatsApp-Image-2022-07-23-at-08.29.46-2-300x225.jpeg\",\"orientation\":\"landscape\"},\"full\":{\"url\":\"https:\/\/feuerwehr-feistritz.at\/wp-content\/uploads\/2022\/07\/WhatsApp-Image-2022-07-23-at-08.29.46-2.jpeg\",\"height\":614,\"width\":819,\"orientation\":\"landscape\"}},\"meta\":false,\"postlink\":\"https:\/\/feuerwehr-feistritz.at\/?attachment_id=2306\"},{\"id\":2307,\"title\":\"WhatsApp Image 2022-07-23 at 08.29.46\",\"url\":\"https:\/\/feuerwehr-feistritz.at\/wp-content\/uploads\/2022\/07\/WhatsApp-Image-2022-07-23-at-08.29.46.jpeg\",\"link\":\"https:\/\/feuerwehr-feistritz.at\/?attachment_id=2307\",\"alt\":\"\",\"description\":\"\",\"caption\":\"\",\"mime\":\"image\/jpeg\",\"type\":\"image\",\"width\":819,\"height\":614,\"sizes\":{\"thumbnail\":{\"height\":150,\"width\":150,\"url\":\"https:\/\/feuerwehr-feistritz.at\/wp-content\/uploads\/2022\/07\/WhatsApp-Image-2022-07-23-at-08.29.46-150x150.jpeg\",\"orientation\":\"landscape\"},\"medium\":{\"height\":225,\"width\":300,\"url\":\"https:\/\/feuerwehr-feistritz.at\/wp-content\/uploads\/2022\/07\/WhatsApp-Image-2022-07-23-at-08.29.46-300x225.jpeg\",\"orientation\":\"landscape\"},\"full\":{\"url\":\"https:\/\/feuerwehr-feistritz.at\/wp-content\/uploads\/2022\/07\/WhatsApp-Image-2022-07-23-at-08.29.46.jpeg\",\"height\":614,\"width\":819,\"orientation\":\"landscape\"}},\"meta\":false,\"postlink\":\"https:\/\/feuerwehr-feistritz.at\/?attachment_id=2307\"},{\"id\":2308,\"title\":\"WhatsApp Image 2022-07-23 at 09.04.04\",\"url\":\"https:\/\/feuerwehr-feistritz.at\/wp-content\/uploads\/2022\/07\/WhatsApp-Image-2022-07-23-at-09.04.04.jpeg\",\"link\":\"https:\/\/feuerwehr-feistritz.at\/?attachment_id=2308\",\"alt\":\"\",\"description\":\"\",\"caption\":\"\",\"mime\":\"image\/jpeg\",\"type\":\"image\",\"width\":805,\"height\":604,\"sizes\":{\"thumbnail\":{\"height\":150,\"width\":150,\"url\":\"https:\/\/feuerwehr-feistritz.at\/wp-content\/uploads\/2022\/07\/WhatsApp-Image-2022-07-23-at-09.04.04-150x150.jpeg\",\"orientation\":\"landscape\"},\"medium\":{\"height\":225,\"width\":300,\"url\":\"https:\/\/feuerwehr-feistritz.at\/wp-content\/uploads\/2022\/07\/WhatsApp-Image-2022-07-23-at-09.04.04-300x225.jpeg\",\"orientation\":\"landscape\"},\"full\":{\"url\":\"https:\/\/feuerwehr-feistritz.at\/wp-content\/uploads\/2022\/07\/WhatsApp-Image-2022-07-23-at-09.04.04.jpeg\",\"height\":604,\"width\":805,\"orientation\":\"landscape\"}},\"meta\":false,\"postlink\":\"https:\/\/feuerwehr-feistritz.at\/?attachment_id=2308\"},{\"id\":2309,\"title\":\"WhatsApp Image 2022-07-23 at 09.04.08\",\"url\":\"https:\/\/feuerwehr-feistritz.at\/wp-content\/uploads\/2022\/07\/WhatsApp-Image-2022-07-23-at-09.04.08.jpeg\",\"link\":\"https:\/\/feuerwehr-feistritz.at\/?attachment_id=2309\",\"alt\":\"\",\"description\":\"\",\"caption\":\"\",\"mime\":\"image\/jpeg\",\"type\":\"image\",\"width\":805,\"height\":604,\"sizes\":{\"thumbnail\":{\"height\":150,\"width\":150,\"url\":\"https:\/\/feuerwehr-feistritz.at\/wp-content\/uploads\/2022\/07\/WhatsApp-Image-2022-07-23-at-09.04.08-150x150.jpeg\",\"orientation\":\"landscape\"},\"medium\":{\"height\":225,\"width\":300,\"url\":\"https:\/\/feuerwehr-feistritz.at\/wp-content\/uploads\/2022\/07\/WhatsApp-Image-2022-07-23-at-09.04.08-300x225.jpeg\",\"orientation\":\"landscape\"},\"full\":{\"url\":\"https:\/\/feuerwehr-feistritz.at\/wp-content\/uploads\/2022\/07\/WhatsApp-Image-2022-07-23-at-09.04.08.jpeg\",\"height\":604,\"width\":805,\"orientation\":\"landscape\"}},\"meta\":false,\"postlink\":\"https:\/\/feuerwehr-feistritz.at\/?attachment_id=2309\"},{\"id\":2310,\"title\":\"WhatsApp Image 2022-07-23 at 09.04.09 (1)\",\"url\":\"https:\/\/feuerwehr-feistritz.at\/wp-content\/uploads\/2022\/07\/WhatsApp-Image-2022-07-23-at-09.04.09-1.jpeg\",\"link\":\"https:\/\/feuerwehr-feistritz.at\/?attachment_id=2310\",\"alt\":\"\",\"description\":\"\",\"caption\":\"\",\"mime\":\"image\/jpeg\",\"type\":\"image\",\"width\":805,\"height\":604,\"sizes\":{\"thumbnail\":{\"height\":150,\"width\":150,\"url\":\"https:\/\/feuerwehr-feistritz.at\/wp-content\/uploads\/2022\/07\/WhatsApp-Image-2022-07-23-at-09.04.09-1-150x150.jpeg\",\"orientation\":\"landscape\"},\"medium\":{\"height\":225,\"width\":300,\"url\":\"https:\/\/feuerwehr-feistritz.at\/wp-content\/uploads\/2022\/07\/WhatsApp-Image-2022-07-23-at-09.04.09-1-300x225.jpeg\",\"orientation\":\"landscape\"},\"full\":{\"url\":\"https:\/\/feuerwehr-feistritz.at\/wp-content\/uploads\/2022\/07\/WhatsApp-Image-2022-07-23-at-09.04.09-1.jpeg\",\"height\":604,\"width\":805,\"orientation\":\"landscape\"}},\"meta\":false,\"postlink\":\"https:\/\/feuerwehr-feistritz.at\/?attachment_id=2310\"}],\"itemsMetaDataCollection\":[]}<\/script><script>(function(){if(window.PGC_SGB && window.PGC_SGB.searcher){window.PGC_SGB.searcher.initBlocks()}})()<\/script><\/div>\n\n<div class=\"taxonomy-post_tag wp-block-post-terms\"><a href=\"https:\/\/feuerwehr-feistritz.at\/index.php\/tag\/a10\/\" rel=\"tag\">A10<\/a><span class=\"wp-block-post-terms__separator\">, <\/span><a href=\"https:\/\/feuerwehr-feistritz.at\/index.php\/tag\/asfinag\/\" rel=\"tag\">Asfinag<\/a><span class=\"wp-block-post-terms__separator\">, <\/span><a href=\"https:\/\/feuerwehr-feistritz.at\/index.php\/tag\/eingeklemmte-person\/\" rel=\"tag\">eingeklemmte Person<\/a><span class=\"wp-block-post-terms__separator\">, <\/span><a href=\"https:\/\/feuerwehr-feistritz.at\/index.php\/tag\/pkw\/\" rel=\"tag\">PKW<\/a><span class=\"wp-block-post-terms__separator\">, <\/span><a href=\"https:\/\/feuerwehr-feistritz.at\/index.php\/tag\/technischer-einsatz\/\" rel=\"tag\">Technischer Einsatz<\/a><span class=\"wp-block-post-terms__separator\">, <\/span><a href=\"https:\/\/feuerwehr-feistritz.at\/index.php\/tag\/verkehrsunfall\/\" rel=\"tag\">Verkehrsunfall<\/a><\/div>","protected":false},"excerpt":{"rendered":"<p>Am 23.07.2022 kam es zu einem Auffahrunfall mit mehreren Fahrzeugen [&hellip;]<\/p>\n","protected":false},"author":2,"featured_media":2307,"template":"","meta":{"pgc_sgb_lightbox_settings":"","einsatz_weight":1,"footnotes":""},"categories":[2],"tags":[16,14,17,33,22,13],"einsatzart":[44],"fahrzeug":[47,102,101,45,46],"exteinsatzmittel":[112,113,50,114,115,51],"alarmierungsart":[52],"evw_unit":[64,108,56],"class_list":["post-2303","einsatz","type-einsatz","status-publish","has-post-thumbnail","hentry","category-einsatz","tag-a10","tag-asfinag","tag-eingeklemmte-person","tag-pkw","tag-technischer-einsatz","tag-verkehrsunfall","einsatzart-verkehrsunfall","fahrzeug-krf-s","fahrzeug-krfw-tunnel","fahrzeug-rlfa-2000-3","fahrzeug-rlfa-2000","fahrzeug-tlfa-4000","exteinsatzmittel-asfinag","exteinsatzmittel-notarzt-dr-roland-rauter","exteinsatzmittel-polizei-kaernten","exteinsatzmittel-privates-abschleppunternehmen","exteinsatzmittel-rettungshubschrauber-rk1","exteinsatzmittel-rotes-kreuz-kaernten","alarmierungsart-sirenenalarm","evw_unit-feuerwehr-feistritz-drau","evw_unit-feuerwehr-st-peter-spittal","evw_unit-feuerwehr-toeplitsch","col-md-4 col-sm-4"],"_links":{"self":[{"href":"https:\/\/feuerwehr-feistritz.at\/index.php\/wp-json\/wp\/v2\/einsatz\/2303","targetHints":{"allow":["GET"]}}],"collection":[{"href":"https:\/\/feuerwehr-feistritz.at\/index.php\/wp-json\/wp\/v2\/einsatz"}],"about":[{"href":"https:\/\/feuerwehr-feistritz.at\/index.php\/wp-json\/wp\/v2\/types\/einsatz"}],"author":[{"embeddable":true,"href":"https:\/\/feuerwehr-feistritz.at\/index.php\/wp-json\/wp\/v2\/users\/2"}],"version-history":[{"count":1,"href":"https:\/\/feuerwehr-feistritz.at\/index.php\/wp-json\/wp\/v2\/einsatz\/2303\/revisions"}],"predecessor-version":[{"id":2311,"href":"https:\/\/feuerwehr-feistritz.at\/index.php\/wp-json\/wp\/v2\/einsatz\/2303\/revisions\/2311"}],"wp:featuredmedia":[{"embeddable":true,"href":"https:\/\/feuerwehr-feistritz.at\/index.php\/wp-json\/wp\/v2\/media\/2307"}],"wp:attachment":[{"href":"https:\/\/feuerwehr-feistritz.at\/index.php\/wp-json\/wp\/v2\/media?parent=2303"}],"wp:term":[{"taxonomy":"category","embeddable":true,"href":"https:\/\/feuerwehr-feistritz.at\/index.php\/wp-json\/wp\/v2\/categories?post=2303"},{"taxonomy":"post_tag","embeddable":true,"href":"https:\/\/feuerwehr-feistritz.at\/index.php\/wp-json\/wp\/v2\/tags?post=2303"},{"taxonomy":"einsatzart","embeddable":true,"href":"https:\/\/feuerwehr-feistritz.at\/index.php\/wp-json\/wp\/v2\/einsatzart?post=2303"},{"taxonomy":"fahrzeug","embeddable":true,"href":"https:\/\/feuerwehr-feistritz.at\/index.php\/wp-json\/wp\/v2\/fahrzeug?post=2303"},{"taxonomy":"exteinsatzmittel","embeddable":true,"href":"https:\/\/feuerwehr-feistritz.at\/index.php\/wp-json\/wp\/v2\/exteinsatzmittel?post=2303"},{"taxonomy":"alarmierungsart","embeddable":true,"href":"https:\/\/feuerwehr-feistritz.at\/index.php\/wp-json\/wp\/v2\/alarmierungsart?post=2303"},{"taxonomy":"evw_unit","embeddable":true,"href":"https:\/\/feuerwehr-feistritz.at\/index.php\/wp-json\/wp\/v2\/evw_unit?post=2303"}],"curies":[{"name":"wp","href":"https:\/\/api.w.org\/{rel}","templated":true}]}}