{"id":2322,"date":"2022-07-24T16:46:00","date_gmt":"2022-07-24T15:46:00","guid":{"rendered":"https:\/\/feuerwehr-feistritz.at\/?post_type=einsatz&#038;p=2322"},"modified":"2022-07-29T10:26:18","modified_gmt":"2022-07-29T09:26:18","slug":"b2-rauchentwicklung-im-freien-kreuzen-folgeeinsatz-24-07-2022","status":"publish","type":"einsatz","link":"https:\/\/feuerwehr-feistritz.at\/index.php\/einsatzberichte\/2322-b2-rauchentwicklung-im-freien-kreuzen-folgeeinsatz-24-07-2022\/","title":{"rendered":"B2, Rauchentwicklung im Freien, Kreuzen, + Folgeeinsatz 24.07.2022"},"content":{"rendered":"<p>Aus unbekannter Ursache kam es im Bereich Kreuzen in einer Lichtung im Wald zu einem kleinfl\u00e4chigen Waldbrand von ca. 20m2.&nbsp;<\/p>\n<p>Die Feuerwehren Kreuzen und Feistritz\/Drau wurden um 16:46 Uhr alarmiert. Durch die lange Anfahrtszeit und die Forststra\u00dfen konnte der Einsatzort in einem steilen Waldst\u00fcck ausfindig gemacht werden. Ebenso konnte die rasche lokalisierung der Brandstelle durch Hilfe des Hubschraubers des BMI &#8222;Libelle K\u00e4rnten&#8220; durchgef\u00fchrt werden.&nbsp;<\/p>\n<p>Mannschaft mit Schanzwerkzeug wurden vorab zum Brandort entsendet um ein weiteres ausbreiten zu verhinden, in der Zwischenzeit wurde eine L\u00f6schleitung aufgebaut um den Brand effektiv bek\u00e4mpfen zu k\u00f6nnen. Durch den Wasserbedarf wurde die Feuerwehr Ferndorf mit dem Tankl\u00f6schfahrzeug nachalarmiert.&nbsp;<\/p>\n<p>W\u00e4hrend der L\u00f6scharbeiten wurde ein Feuerwehrmann leicht verletzt. Dieser wurde von der Rettung ins Krankenhaus Spittal zu Kontrolle gebracht, welches er bereits wieder verlassen konnte.&nbsp;<\/p>\n<p>Wir w\u00fcnschen ihn auf diesem Wege gute Besserung.&nbsp;<\/p>\n<p>Der Brand konnte daraufhin rasch einged\u00e4mmt und gel\u00f6scht werden.&nbsp;<\/p>\n<p>Auf der R\u00fcckfahrt wurden die eingesetzten Kr\u00e4fte \u00fcber einen weiteren Einsatz informiert:&nbsp;<\/p>\n<p>Ein Wohnwagen kam auf der L33 auf das Bankett. Daraufhin wurde unterst\u00fctzend die Feuerwehr T\u00f6plitsch angefordert. Kurze Zeit sp\u00e4ter konnte der Einsatz beendet werden, da dieser sich selbst aus der misslichen Lage befreien konnte&nbsp;<\/p>\n<p><\/p>\n\n<div class=\"pgc-sgb-cb wp-block-pgcsimplygalleryblock-slider \" data-gallery-id=\"69b38744\"style=&quot;min-height:400px&quot;><div class=\"sgb-preloader\" id=\"pr_69b38744\">\n\t<div class=\"sgb-square\" style=\"background:#d4d4d4\"><\/div>\n\t<div class=\"sgb-square\" style=\"background:#d4d4d4\"><\/div>\n\t<div class=\"sgb-square\" style=\"background:#d4d4d4\"><\/div>\n\t<div class=\"sgb-square\" style=\"background:#d4d4d4\"><\/div><\/div><div class=\"simply-gallery-amp pgc_sgb_slider \"><noscript><div class=\"sgb-gallery\"><div class=\"sgb-item\"><a href=\"https:\/\/feuerwehr-feistritz.at\/?attachment_id=2323\" target=\"_blank\"><img decoding=\"async\" alt=\"\" width=\"135\" height=\"300\" loading=\"lazy\" src=\"https:\/\/feuerwehr-feistritz.at\/wp-content\/uploads\/2022\/07\/WhatsApp-Image-2022-07-24-at-17.21.20-135x300.jpeg\" srcset=\"https:\/\/feuerwehr-feistritz.at\/wp-content\/uploads\/2022\/07\/WhatsApp-Image-2022-07-24-at-17.21.20-135x300.jpeg 135w,https:\/\/feuerwehr-feistritz.at\/wp-content\/uploads\/2022\/07\/WhatsApp-Image-2022-07-24-at-17.21.20-462x1024.jpeg 462w,https:\/\/feuerwehr-feistritz.at\/wp-content\/uploads\/2022\/07\/WhatsApp-Image-2022-07-24-at-17.21.20.jpeg 923w\" sizes=\"auto, 250px\"\/><\/a><\/div><div class=\"sgb-item\"><a href=\"https:\/\/feuerwehr-feistritz.at\/?attachment_id=2324\" target=\"_blank\"><img decoding=\"async\" alt=\"\" width=\"135\" height=\"300\" loading=\"lazy\" src=\"https:\/\/feuerwehr-feistritz.at\/wp-content\/uploads\/2022\/07\/WhatsApp-Image-2022-07-24-at-17.21.47-135x300.jpeg\" srcset=\"https:\/\/feuerwehr-feistritz.at\/wp-content\/uploads\/2022\/07\/WhatsApp-Image-2022-07-24-at-17.21.47-135x300.jpeg 135w,https:\/\/feuerwehr-feistritz.at\/wp-content\/uploads\/2022\/07\/WhatsApp-Image-2022-07-24-at-17.21.47-462x1024.jpeg 462w,https:\/\/feuerwehr-feistritz.at\/wp-content\/uploads\/2022\/07\/WhatsApp-Image-2022-07-24-at-17.21.47.jpeg 923w\" sizes=\"auto, 250px\"\/><\/a><\/div><div class=\"sgb-item\"><a href=\"https:\/\/feuerwehr-feistritz.at\/?attachment_id=2325\" target=\"_blank\"><img decoding=\"async\" alt=\"\" width=\"300\" height=\"225\" loading=\"lazy\" src=\"https:\/\/feuerwehr-feistritz.at\/wp-content\/uploads\/2022\/07\/WhatsApp-Image-2022-07-24-at-17.49.00-300x225.jpeg\" srcset=\"https:\/\/feuerwehr-feistritz.at\/wp-content\/uploads\/2022\/07\/WhatsApp-Image-2022-07-24-at-17.49.00-300x225.jpeg 300w,https:\/\/feuerwehr-feistritz.at\/wp-content\/uploads\/2022\/07\/WhatsApp-Image-2022-07-24-at-17.49.00-1024x769.jpeg 1024w,https:\/\/feuerwehr-feistritz.at\/wp-content\/uploads\/2022\/07\/WhatsApp-Image-2022-07-24-at-17.49.00.jpeg 1600w\" sizes=\"auto, 250px\"\/><\/a><\/div><div class=\"sgb-item\"><a href=\"https:\/\/feuerwehr-feistritz.at\/?attachment_id=2326\" target=\"_blank\"><img decoding=\"async\" alt=\"\" width=\"300\" height=\"225\" loading=\"lazy\" src=\"https:\/\/feuerwehr-feistritz.at\/wp-content\/uploads\/2022\/07\/WhatsApp-Image-2022-07-24-at-17.49.01-300x225.jpeg\" srcset=\"https:\/\/feuerwehr-feistritz.at\/wp-content\/uploads\/2022\/07\/WhatsApp-Image-2022-07-24-at-17.49.01-300x225.jpeg 300w,https:\/\/feuerwehr-feistritz.at\/wp-content\/uploads\/2022\/07\/WhatsApp-Image-2022-07-24-at-17.49.01-1024x768.jpeg 1024w,https:\/\/feuerwehr-feistritz.at\/wp-content\/uploads\/2022\/07\/WhatsApp-Image-2022-07-24-at-17.49.01.jpeg 1600w\" sizes=\"auto, 250px\"\/><\/a><\/div><div class=\"sgb-item\"><a href=\"https:\/\/feuerwehr-feistritz.at\/?attachment_id=2327\" target=\"_blank\"><img decoding=\"async\" alt=\"\" width=\"300\" height=\"225\" loading=\"lazy\" src=\"https:\/\/feuerwehr-feistritz.at\/wp-content\/uploads\/2022\/07\/WhatsApp-Image-2022-07-24-at-17.49.02-1-300x225.jpeg\" srcset=\"https:\/\/feuerwehr-feistritz.at\/wp-content\/uploads\/2022\/07\/WhatsApp-Image-2022-07-24-at-17.49.02-1-300x225.jpeg 300w,https:\/\/feuerwehr-feistritz.at\/wp-content\/uploads\/2022\/07\/WhatsApp-Image-2022-07-24-at-17.49.02-1-1024x768.jpeg 1024w,https:\/\/feuerwehr-feistritz.at\/wp-content\/uploads\/2022\/07\/WhatsApp-Image-2022-07-24-at-17.49.02-1.jpeg 1600w\" sizes=\"auto, 250px\"\/><\/a><\/div><div class=\"sgb-item\"><a href=\"https:\/\/feuerwehr-feistritz.at\/?attachment_id=2328\" target=\"_blank\"><img decoding=\"async\" alt=\"\" width=\"225\" height=\"300\" loading=\"lazy\" src=\"https:\/\/feuerwehr-feistritz.at\/wp-content\/uploads\/2022\/07\/WhatsApp-Image-2022-07-24-at-17.49.02-225x300.jpeg\" srcset=\"https:\/\/feuerwehr-feistritz.at\/wp-content\/uploads\/2022\/07\/WhatsApp-Image-2022-07-24-at-17.49.02-225x300.jpeg 225w,https:\/\/feuerwehr-feistritz.at\/wp-content\/uploads\/2022\/07\/WhatsApp-Image-2022-07-24-at-17.49.02-768x1024.jpeg 768w,https:\/\/feuerwehr-feistritz.at\/wp-content\/uploads\/2022\/07\/WhatsApp-Image-2022-07-24-at-17.49.02.jpeg 1200w\" sizes=\"auto, 250px\"\/><\/a><\/div><div class=\"sgb-item\"><a href=\"https:\/\/feuerwehr-feistritz.at\/?attachment_id=2329\" target=\"_blank\"><img decoding=\"async\" alt=\"\" width=\"300\" height=\"225\" loading=\"lazy\" src=\"https:\/\/feuerwehr-feistritz.at\/wp-content\/uploads\/2022\/07\/WhatsApp-Image-2022-07-24-at-18.51.13-300x225.jpeg\" srcset=\"https:\/\/feuerwehr-feistritz.at\/wp-content\/uploads\/2022\/07\/WhatsApp-Image-2022-07-24-at-18.51.13-300x225.jpeg 300w,https:\/\/feuerwehr-feistritz.at\/wp-content\/uploads\/2022\/07\/WhatsApp-Image-2022-07-24-at-18.51.13-1024x768.jpeg 1024w,https:\/\/feuerwehr-feistritz.at\/wp-content\/uploads\/2022\/07\/WhatsApp-Image-2022-07-24-at-18.51.13.jpeg 1600w\" sizes=\"auto, 250px\"\/><\/a><\/div><div class=\"sgb-item\"><a href=\"https:\/\/feuerwehr-feistritz.at\/?attachment_id=2330\" target=\"_blank\"><img decoding=\"async\" alt=\"\" width=\"225\" height=\"300\" loading=\"lazy\" src=\"https:\/\/feuerwehr-feistritz.at\/wp-content\/uploads\/2022\/07\/WhatsApp-Image-2022-07-24-at-18.51.14-1-225x300.jpeg\" srcset=\"https:\/\/feuerwehr-feistritz.at\/wp-content\/uploads\/2022\/07\/WhatsApp-Image-2022-07-24-at-18.51.14-1-225x300.jpeg 225w,https:\/\/feuerwehr-feistritz.at\/wp-content\/uploads\/2022\/07\/WhatsApp-Image-2022-07-24-at-18.51.14-1-768x1024.jpeg 768w,https:\/\/feuerwehr-feistritz.at\/wp-content\/uploads\/2022\/07\/WhatsApp-Image-2022-07-24-at-18.51.14-1.jpeg 1200w\" sizes=\"auto, 250px\"\/><\/a><\/div><div class=\"sgb-item\"><a href=\"https:\/\/feuerwehr-feistritz.at\/?attachment_id=2331\" target=\"_blank\"><img decoding=\"async\" alt=\"\" width=\"300\" height=\"225\" loading=\"lazy\" src=\"https:\/\/feuerwehr-feistritz.at\/wp-content\/uploads\/2022\/07\/WhatsApp-Image-2022-07-24-at-18.51.14-300x225.jpeg\" srcset=\"https:\/\/feuerwehr-feistritz.at\/wp-content\/uploads\/2022\/07\/WhatsApp-Image-2022-07-24-at-18.51.14-300x225.jpeg 300w,https:\/\/feuerwehr-feistritz.at\/wp-content\/uploads\/2022\/07\/WhatsApp-Image-2022-07-24-at-18.51.14-1024x768.jpeg 1024w,https:\/\/feuerwehr-feistritz.at\/wp-content\/uploads\/2022\/07\/WhatsApp-Image-2022-07-24-at-18.51.14.jpeg 1600w\" sizes=\"auto, 250px\"\/><\/a><\/div><\/div><\/noscript><\/div><script type=\"application\/json\" class=\"sgb-data\">{\"sliderAdminWidth\":840,\"galleryType\":\"pgc_sgb_slider\",\"galleryId\":\"69b38744\",\"images\":[{\"id\":2323,\"title\":\"WhatsApp Image 2022-07-24 at 17.21.20\",\"url\":\"https:\/\/feuerwehr-feistritz.at\/wp-content\/uploads\/2022\/07\/WhatsApp-Image-2022-07-24-at-17.21.20.jpeg\",\"link\":\"https:\/\/feuerwehr-feistritz.at\/?attachment_id=2323\",\"alt\":\"\",\"description\":\"\",\"caption\":\"\",\"mime\":\"image\/jpeg\",\"type\":\"image\",\"width\":923,\"height\":2048,\"sizes\":{\"thumbnail\":{\"height\":150,\"width\":150,\"url\":\"https:\/\/feuerwehr-feistritz.at\/wp-content\/uploads\/2022\/07\/WhatsApp-Image-2022-07-24-at-17.21.20-150x150.jpeg\",\"orientation\":\"landscape\"},\"medium\":{\"height\":300,\"width\":135,\"url\":\"https:\/\/feuerwehr-feistritz.at\/wp-content\/uploads\/2022\/07\/WhatsApp-Image-2022-07-24-at-17.21.20-135x300.jpeg\",\"orientation\":\"portrait\"},\"large\":{\"height\":1024,\"width\":462,\"url\":\"https:\/\/feuerwehr-feistritz.at\/wp-content\/uploads\/2022\/07\/WhatsApp-Image-2022-07-24-at-17.21.20-462x1024.jpeg\",\"orientation\":\"portrait\"},\"full\":{\"url\":\"https:\/\/feuerwehr-feistritz.at\/wp-content\/uploads\/2022\/07\/WhatsApp-Image-2022-07-24-at-17.21.20.jpeg\",\"height\":2048,\"width\":923,\"orientation\":\"portrait\"}},\"meta\":false,\"postlink\":\"https:\/\/feuerwehr-feistritz.at\/?attachment_id=2323\"},{\"id\":2324,\"title\":\"WhatsApp Image 2022-07-24 at 17.21.47\",\"url\":\"https:\/\/feuerwehr-feistritz.at\/wp-content\/uploads\/2022\/07\/WhatsApp-Image-2022-07-24-at-17.21.47.jpeg\",\"link\":\"https:\/\/feuerwehr-feistritz.at\/?attachment_id=2324\",\"alt\":\"\",\"description\":\"\",\"caption\":\"\",\"mime\":\"image\/jpeg\",\"type\":\"image\",\"width\":923,\"height\":2048,\"sizes\":{\"thumbnail\":{\"height\":150,\"width\":150,\"url\":\"https:\/\/feuerwehr-feistritz.at\/wp-content\/uploads\/2022\/07\/WhatsApp-Image-2022-07-24-at-17.21.47-150x150.jpeg\",\"orientation\":\"landscape\"},\"medium\":{\"height\":300,\"width\":135,\"url\":\"https:\/\/feuerwehr-feistritz.at\/wp-content\/uploads\/2022\/07\/WhatsApp-Image-2022-07-24-at-17.21.47-135x300.jpeg\",\"orientation\":\"portrait\"},\"large\":{\"height\":1024,\"width\":462,\"url\":\"https:\/\/feuerwehr-feistritz.at\/wp-content\/uploads\/2022\/07\/WhatsApp-Image-2022-07-24-at-17.21.47-462x1024.jpeg\",\"orientation\":\"portrait\"},\"full\":{\"url\":\"https:\/\/feuerwehr-feistritz.at\/wp-content\/uploads\/2022\/07\/WhatsApp-Image-2022-07-24-at-17.21.47.jpeg\",\"height\":2048,\"width\":923,\"orientation\":\"portrait\"}},\"meta\":false,\"postlink\":\"https:\/\/feuerwehr-feistritz.at\/?attachment_id=2324\"},{\"id\":2325,\"title\":\"WhatsApp Image 2022-07-24 at 17.49.00\",\"url\":\"https:\/\/feuerwehr-feistritz.at\/wp-content\/uploads\/2022\/07\/WhatsApp-Image-2022-07-24-at-17.49.00.jpeg\",\"link\":\"https:\/\/feuerwehr-feistritz.at\/?attachment_id=2325\",\"alt\":\"\",\"description\":\"\",\"caption\":\"\",\"mime\":\"image\/jpeg\",\"type\":\"image\",\"width\":1600,\"height\":1201,\"sizes\":{\"thumbnail\":{\"height\":150,\"width\":150,\"url\":\"https:\/\/feuerwehr-feistritz.at\/wp-content\/uploads\/2022\/07\/WhatsApp-Image-2022-07-24-at-17.49.00-150x150.jpeg\",\"orientation\":\"landscape\"},\"medium\":{\"height\":225,\"width\":300,\"url\":\"https:\/\/feuerwehr-feistritz.at\/wp-content\/uploads\/2022\/07\/WhatsApp-Image-2022-07-24-at-17.49.00-300x225.jpeg\",\"orientation\":\"landscape\"},\"large\":{\"height\":769,\"width\":1024,\"url\":\"https:\/\/feuerwehr-feistritz.at\/wp-content\/uploads\/2022\/07\/WhatsApp-Image-2022-07-24-at-17.49.00-1024x769.jpeg\",\"orientation\":\"landscape\"},\"full\":{\"url\":\"https:\/\/feuerwehr-feistritz.at\/wp-content\/uploads\/2022\/07\/WhatsApp-Image-2022-07-24-at-17.49.00.jpeg\",\"height\":1201,\"width\":1600,\"orientation\":\"landscape\"}},\"meta\":false,\"postlink\":\"https:\/\/feuerwehr-feistritz.at\/?attachment_id=2325\"},{\"id\":2326,\"title\":\"WhatsApp Image 2022-07-24 at 17.49.01\",\"url\":\"https:\/\/feuerwehr-feistritz.at\/wp-content\/uploads\/2022\/07\/WhatsApp-Image-2022-07-24-at-17.49.01.jpeg\",\"link\":\"https:\/\/feuerwehr-feistritz.at\/?attachment_id=2326\",\"alt\":\"\",\"description\":\"\",\"caption\":\"\",\"mime\":\"image\/jpeg\",\"type\":\"image\",\"width\":1600,\"height\":1200,\"sizes\":{\"thumbnail\":{\"height\":150,\"width\":150,\"url\":\"https:\/\/feuerwehr-feistritz.at\/wp-content\/uploads\/2022\/07\/WhatsApp-Image-2022-07-24-at-17.49.01-150x150.jpeg\",\"orientation\":\"landscape\"},\"medium\":{\"height\":225,\"width\":300,\"url\":\"https:\/\/feuerwehr-feistritz.at\/wp-content\/uploads\/2022\/07\/WhatsApp-Image-2022-07-24-at-17.49.01-300x225.jpeg\",\"orientation\":\"landscape\"},\"large\":{\"height\":768,\"width\":1024,\"url\":\"https:\/\/feuerwehr-feistritz.at\/wp-content\/uploads\/2022\/07\/WhatsApp-Image-2022-07-24-at-17.49.01-1024x768.jpeg\",\"orientation\":\"landscape\"},\"full\":{\"url\":\"https:\/\/feuerwehr-feistritz.at\/wp-content\/uploads\/2022\/07\/WhatsApp-Image-2022-07-24-at-17.49.01.jpeg\",\"height\":1200,\"width\":1600,\"orientation\":\"landscape\"}},\"meta\":false,\"postlink\":\"https:\/\/feuerwehr-feistritz.at\/?attachment_id=2326\"},{\"id\":2327,\"title\":\"WhatsApp Image 2022-07-24 at 17.49.02 (1)\",\"url\":\"https:\/\/feuerwehr-feistritz.at\/wp-content\/uploads\/2022\/07\/WhatsApp-Image-2022-07-24-at-17.49.02-1.jpeg\",\"link\":\"https:\/\/feuerwehr-feistritz.at\/?attachment_id=2327\",\"alt\":\"\",\"description\":\"\",\"caption\":\"\",\"mime\":\"image\/jpeg\",\"type\":\"image\",\"width\":1600,\"height\":1200,\"sizes\":{\"thumbnail\":{\"height\":150,\"width\":150,\"url\":\"https:\/\/feuerwehr-feistritz.at\/wp-content\/uploads\/2022\/07\/WhatsApp-Image-2022-07-24-at-17.49.02-1-150x150.jpeg\",\"orientation\":\"landscape\"},\"medium\":{\"height\":225,\"width\":300,\"url\":\"https:\/\/feuerwehr-feistritz.at\/wp-content\/uploads\/2022\/07\/WhatsApp-Image-2022-07-24-at-17.49.02-1-300x225.jpeg\",\"orientation\":\"landscape\"},\"large\":{\"height\":768,\"width\":1024,\"url\":\"https:\/\/feuerwehr-feistritz.at\/wp-content\/uploads\/2022\/07\/WhatsApp-Image-2022-07-24-at-17.49.02-1-1024x768.jpeg\",\"orientation\":\"landscape\"},\"full\":{\"url\":\"https:\/\/feuerwehr-feistritz.at\/wp-content\/uploads\/2022\/07\/WhatsApp-Image-2022-07-24-at-17.49.02-1.jpeg\",\"height\":1200,\"width\":1600,\"orientation\":\"landscape\"}},\"meta\":false,\"postlink\":\"https:\/\/feuerwehr-feistritz.at\/?attachment_id=2327\"},{\"id\":2328,\"title\":\"WhatsApp Image 2022-07-24 at 17.49.02\",\"url\":\"https:\/\/feuerwehr-feistritz.at\/wp-content\/uploads\/2022\/07\/WhatsApp-Image-2022-07-24-at-17.49.02.jpeg\",\"link\":\"https:\/\/feuerwehr-feistritz.at\/?attachment_id=2328\",\"alt\":\"\",\"description\":\"\",\"caption\":\"\",\"mime\":\"image\/jpeg\",\"type\":\"image\",\"width\":1200,\"height\":1600,\"sizes\":{\"thumbnail\":{\"height\":150,\"width\":150,\"url\":\"https:\/\/feuerwehr-feistritz.at\/wp-content\/uploads\/2022\/07\/WhatsApp-Image-2022-07-24-at-17.49.02-150x150.jpeg\",\"orientation\":\"landscape\"},\"medium\":{\"height\":300,\"width\":225,\"url\":\"https:\/\/feuerwehr-feistritz.at\/wp-content\/uploads\/2022\/07\/WhatsApp-Image-2022-07-24-at-17.49.02-225x300.jpeg\",\"orientation\":\"portrait\"},\"large\":{\"height\":1024,\"width\":768,\"url\":\"https:\/\/feuerwehr-feistritz.at\/wp-content\/uploads\/2022\/07\/WhatsApp-Image-2022-07-24-at-17.49.02-768x1024.jpeg\",\"orientation\":\"portrait\"},\"full\":{\"url\":\"https:\/\/feuerwehr-feistritz.at\/wp-content\/uploads\/2022\/07\/WhatsApp-Image-2022-07-24-at-17.49.02.jpeg\",\"height\":1600,\"width\":1200,\"orientation\":\"portrait\"}},\"meta\":false,\"postlink\":\"https:\/\/feuerwehr-feistritz.at\/?attachment_id=2328\"},{\"id\":2329,\"title\":\"WhatsApp Image 2022-07-24 at 18.51.13\",\"url\":\"https:\/\/feuerwehr-feistritz.at\/wp-content\/uploads\/2022\/07\/WhatsApp-Image-2022-07-24-at-18.51.13.jpeg\",\"link\":\"https:\/\/feuerwehr-feistritz.at\/?attachment_id=2329\",\"alt\":\"\",\"description\":\"\",\"caption\":\"\",\"mime\":\"image\/jpeg\",\"type\":\"image\",\"width\":1600,\"height\":1200,\"sizes\":{\"thumbnail\":{\"height\":150,\"width\":150,\"url\":\"https:\/\/feuerwehr-feistritz.at\/wp-content\/uploads\/2022\/07\/WhatsApp-Image-2022-07-24-at-18.51.13-150x150.jpeg\",\"orientation\":\"landscape\"},\"medium\":{\"height\":225,\"width\":300,\"url\":\"https:\/\/feuerwehr-feistritz.at\/wp-content\/uploads\/2022\/07\/WhatsApp-Image-2022-07-24-at-18.51.13-300x225.jpeg\",\"orientation\":\"landscape\"},\"large\":{\"height\":768,\"width\":1024,\"url\":\"https:\/\/feuerwehr-feistritz.at\/wp-content\/uploads\/2022\/07\/WhatsApp-Image-2022-07-24-at-18.51.13-1024x768.jpeg\",\"orientation\":\"landscape\"},\"full\":{\"url\":\"https:\/\/feuerwehr-feistritz.at\/wp-content\/uploads\/2022\/07\/WhatsApp-Image-2022-07-24-at-18.51.13.jpeg\",\"height\":1200,\"width\":1600,\"orientation\":\"landscape\"}},\"meta\":false,\"postlink\":\"https:\/\/feuerwehr-feistritz.at\/?attachment_id=2329\"},{\"id\":2330,\"title\":\"WhatsApp Image 2022-07-24 at 18.51.14 (1)\",\"url\":\"https:\/\/feuerwehr-feistritz.at\/wp-content\/uploads\/2022\/07\/WhatsApp-Image-2022-07-24-at-18.51.14-1.jpeg\",\"link\":\"https:\/\/feuerwehr-feistritz.at\/?attachment_id=2330\",\"alt\":\"\",\"description\":\"\",\"caption\":\"\",\"mime\":\"image\/jpeg\",\"type\":\"image\",\"width\":1200,\"height\":1600,\"sizes\":{\"thumbnail\":{\"height\":150,\"width\":150,\"url\":\"https:\/\/feuerwehr-feistritz.at\/wp-content\/uploads\/2022\/07\/WhatsApp-Image-2022-07-24-at-18.51.14-1-150x150.jpeg\",\"orientation\":\"landscape\"},\"medium\":{\"height\":300,\"width\":225,\"url\":\"https:\/\/feuerwehr-feistritz.at\/wp-content\/uploads\/2022\/07\/WhatsApp-Image-2022-07-24-at-18.51.14-1-225x300.jpeg\",\"orientation\":\"portrait\"},\"large\":{\"height\":1024,\"width\":768,\"url\":\"https:\/\/feuerwehr-feistritz.at\/wp-content\/uploads\/2022\/07\/WhatsApp-Image-2022-07-24-at-18.51.14-1-768x1024.jpeg\",\"orientation\":\"portrait\"},\"full\":{\"url\":\"https:\/\/feuerwehr-feistritz.at\/wp-content\/uploads\/2022\/07\/WhatsApp-Image-2022-07-24-at-18.51.14-1.jpeg\",\"height\":1600,\"width\":1200,\"orientation\":\"portrait\"}},\"meta\":false,\"postlink\":\"https:\/\/feuerwehr-feistritz.at\/?attachment_id=2330\"},{\"id\":2331,\"title\":\"WhatsApp Image 2022-07-24 at 18.51.14\",\"url\":\"https:\/\/feuerwehr-feistritz.at\/wp-content\/uploads\/2022\/07\/WhatsApp-Image-2022-07-24-at-18.51.14.jpeg\",\"link\":\"https:\/\/feuerwehr-feistritz.at\/?attachment_id=2331\",\"alt\":\"\",\"description\":\"\",\"caption\":\"\",\"mime\":\"image\/jpeg\",\"type\":\"image\",\"width\":1600,\"height\":1200,\"sizes\":{\"thumbnail\":{\"height\":150,\"width\":150,\"url\":\"https:\/\/feuerwehr-feistritz.at\/wp-content\/uploads\/2022\/07\/WhatsApp-Image-2022-07-24-at-18.51.14-150x150.jpeg\",\"orientation\":\"landscape\"},\"medium\":{\"height\":225,\"width\":300,\"url\":\"https:\/\/feuerwehr-feistritz.at\/wp-content\/uploads\/2022\/07\/WhatsApp-Image-2022-07-24-at-18.51.14-300x225.jpeg\",\"orientation\":\"landscape\"},\"large\":{\"height\":768,\"width\":1024,\"url\":\"https:\/\/feuerwehr-feistritz.at\/wp-content\/uploads\/2022\/07\/WhatsApp-Image-2022-07-24-at-18.51.14-1024x768.jpeg\",\"orientation\":\"landscape\"},\"full\":{\"url\":\"https:\/\/feuerwehr-feistritz.at\/wp-content\/uploads\/2022\/07\/WhatsApp-Image-2022-07-24-at-18.51.14.jpeg\",\"height\":1200,\"width\":1600,\"orientation\":\"landscape\"}},\"meta\":false,\"postlink\":\"https:\/\/feuerwehr-feistritz.at\/?attachment_id=2331\"}],\"itemsMetaDataCollection\":[]}<\/script><script>(function(){if(window.PGC_SGB && window.PGC_SGB.searcher){window.PGC_SGB.searcher.initBlocks()}})()<\/script><\/div>\n\n<div class=\"taxonomy-post_tag wp-block-post-terms\"><a href=\"https:\/\/feuerwehr-feistritz.at\/index.php\/tag\/brand\/\" rel=\"tag\">Brand<\/a><span class=\"wp-block-post-terms__separator\">, <\/span><a href=\"https:\/\/feuerwehr-feistritz.at\/index.php\/tag\/brandeinsatz\/\" rel=\"tag\">Brandeinsatz<\/a><span class=\"wp-block-post-terms__separator\">, <\/span><a href=\"https:\/\/feuerwehr-feistritz.at\/index.php\/tag\/rauch\/\" rel=\"tag\">Rauch<\/a><span class=\"wp-block-post-terms__separator\">, <\/span><a href=\"https:\/\/feuerwehr-feistritz.at\/index.php\/tag\/rauchentwicklung-im-freien\/\" rel=\"tag\">Rauchentwicklung im Freien<\/a><span class=\"wp-block-post-terms__separator\">, <\/span><a href=\"https:\/\/feuerwehr-feistritz.at\/index.php\/tag\/wald\/\" rel=\"tag\">Wald<\/a><span class=\"wp-block-post-terms__separator\">, <\/span><a href=\"https:\/\/feuerwehr-feistritz.at\/index.php\/tag\/waldbrand\/\" rel=\"tag\">Waldbrand<\/a><\/div>","protected":false},"excerpt":{"rendered":"<p>Aus unbekannter Ursache kam es im Bereich Kreuzen in einer [&hellip;]<\/p>\n","protected":false},"author":2,"featured_media":2326,"template":"","meta":{"pgc_sgb_lightbox_settings":"","einsatz_weight":1,"footnotes":""},"categories":[2],"tags":[18,40,35,174,123,173],"einsatzart":[43],"fahrzeug":[85,48,102,103,77,101,45,76,46],"exteinsatzmittel":[177,50,51],"alarmierungsart":[52],"evw_unit":[64,60,68,56],"class_list":["post-2322","einsatz","type-einsatz","status-publish","has-post-thumbnail","hentry","category-einsatz","tag-brand","tag-brandeinsatz","tag-rauch","tag-rauchentwicklung-im-freien","tag-wald","tag-waldbrand","einsatzart-brandeinsatz","fahrzeug-klf-3","fahrzeug-klf-a","fahrzeug-krfw-tunnel","fahrzeug-lf","fahrzeug-lfba","fahrzeug-rlfa-2000-3","fahrzeug-rlfa-2000","fahrzeug-tlfa-2000","fahrzeug-tlfa-4000","exteinsatzmittel-libelle-kaenten","exteinsatzmittel-polizei-kaernten","exteinsatzmittel-rotes-kreuz-kaernten","alarmierungsart-sirenenalarm","evw_unit-feuerwehr-feistritz-drau","evw_unit-feuerwehr-ferndorf","evw_unit-feuerwehr-kreuzen","evw_unit-feuerwehr-toeplitsch","col-md-4 col-sm-4"],"_links":{"self":[{"href":"https:\/\/feuerwehr-feistritz.at\/index.php\/wp-json\/wp\/v2\/einsatz\/2322","targetHints":{"allow":["GET"]}}],"collection":[{"href":"https:\/\/feuerwehr-feistritz.at\/index.php\/wp-json\/wp\/v2\/einsatz"}],"about":[{"href":"https:\/\/feuerwehr-feistritz.at\/index.php\/wp-json\/wp\/v2\/types\/einsatz"}],"author":[{"embeddable":true,"href":"https:\/\/feuerwehr-feistritz.at\/index.php\/wp-json\/wp\/v2\/users\/2"}],"version-history":[{"count":2,"href":"https:\/\/feuerwehr-feistritz.at\/index.php\/wp-json\/wp\/v2\/einsatz\/2322\/revisions"}],"predecessor-version":[{"id":2365,"href":"https:\/\/feuerwehr-feistritz.at\/index.php\/wp-json\/wp\/v2\/einsatz\/2322\/revisions\/2365"}],"wp:featuredmedia":[{"embeddable":true,"href":"https:\/\/feuerwehr-feistritz.at\/index.php\/wp-json\/wp\/v2\/media\/2326"}],"wp:attachment":[{"href":"https:\/\/feuerwehr-feistritz.at\/index.php\/wp-json\/wp\/v2\/media?parent=2322"}],"wp:term":[{"taxonomy":"category","embeddable":true,"href":"https:\/\/feuerwehr-feistritz.at\/index.php\/wp-json\/wp\/v2\/categories?post=2322"},{"taxonomy":"post_tag","embeddable":true,"href":"https:\/\/feuerwehr-feistritz.at\/index.php\/wp-json\/wp\/v2\/tags?post=2322"},{"taxonomy":"einsatzart","embeddable":true,"href":"https:\/\/feuerwehr-feistritz.at\/index.php\/wp-json\/wp\/v2\/einsatzart?post=2322"},{"taxonomy":"fahrzeug","embeddable":true,"href":"https:\/\/feuerwehr-feistritz.at\/index.php\/wp-json\/wp\/v2\/fahrzeug?post=2322"},{"taxonomy":"exteinsatzmittel","embeddable":true,"href":"https:\/\/feuerwehr-feistritz.at\/index.php\/wp-json\/wp\/v2\/exteinsatzmittel?post=2322"},{"taxonomy":"alarmierungsart","embeddable":true,"href":"https:\/\/feuerwehr-feistritz.at\/index.php\/wp-json\/wp\/v2\/alarmierungsart?post=2322"},{"taxonomy":"evw_unit","embeddable":true,"href":"https:\/\/feuerwehr-feistritz.at\/index.php\/wp-json\/wp\/v2\/evw_unit?post=2322"}],"curies":[{"name":"wp","href":"https:\/\/api.w.org\/{rel}","templated":true}]}}