{"id":2374,"date":"2022-07-25T07:35:00","date_gmt":"2022-07-25T06:35:00","guid":{"rendered":"https:\/\/feuerwehr-feistritz.at\/?post_type=einsatz&#038;p=2374"},"modified":"2022-08-08T07:03:49","modified_gmt":"2022-08-08T06:03:49","slug":"b2-brand-baum-marwiese-25-07-2022","status":"publish","type":"einsatz","link":"https:\/\/feuerwehr-feistritz.at\/index.php\/einsatzberichte\/2374-b2-brand-baum-marwiese-25-07-2022\/","title":{"rendered":"B2, Brand Baum, Marwiese 25.07.2022"},"content":{"rendered":"<p>Durch das Gewitter am vorherigen Samstag schlug ein Blitz in einem Baum am Truppen\u00fcbungsplatz Marwiese ein. Von P\u00f6llan aus konnte eine Rauchentwicklung in diesem Bereich festgestellt werden und die Feuerwehr P\u00f6llan begab sich auf die suche nach der Ursache. Nach ca. 1h intensiver Suche konnte ein Brand im Waldbereich festgestellt werden.\u00a0<\/p>\n<p>Die Feuerwehren\u00a0 P\u00f6llan und Feistritz\/Drau wurden gegen 07:35 Uhr alarmiert. Nach aufbau einer ca. 150 m langen L\u00f6schleitung konnte der Brand rund um den durch den Blitz zerst\u00f6rten Baum rasch gel\u00f6scht werden.\u00a0<\/p>\n<p>Kontrollt\u00e4tigkeiten wurden w\u00e4hrend des Tages durch das Heerespersonal sowie der Feuerwerh P\u00f6llan durchgef\u00fchrt.\u00a0<\/p>\n\n<div class=\"pgc-sgb-cb wp-block-pgcsimplygalleryblock-slider \" data-gallery-id=\"99e52307\"style=&quot;min-height:400px&quot;><div class=\"sgb-preloader\" id=\"pr_99e52307\">\n\t<div class=\"sgb-square\" style=\"background:#d4d4d4\"><\/div>\n\t<div class=\"sgb-square\" style=\"background:#d4d4d4\"><\/div>\n\t<div class=\"sgb-square\" style=\"background:#d4d4d4\"><\/div>\n\t<div class=\"sgb-square\" style=\"background:#d4d4d4\"><\/div><\/div><div class=\"simply-gallery-amp pgc_sgb_slider \"><noscript><div class=\"sgb-gallery\"><div class=\"sgb-item\"><a href=\"https:\/\/feuerwehr-feistritz.at\/?attachment_id=2375\" target=\"_blank\"><img decoding=\"async\" alt=\"\" width=\"300\" height=\"225\" loading=\"lazy\" src=\"https:\/\/feuerwehr-feistritz.at\/wp-content\/uploads\/2022\/08\/IMG_5363-300x225.jpeg\" srcset=\"https:\/\/feuerwehr-feistritz.at\/wp-content\/uploads\/2022\/08\/IMG_5363-300x225.jpeg 300w,https:\/\/feuerwehr-feistritz.at\/wp-content\/uploads\/2022\/08\/IMG_5363-1024x768.jpeg 1024w,https:\/\/feuerwehr-feistritz.at\/wp-content\/uploads\/2022\/08\/IMG_5363.jpeg 1209w\" sizes=\"auto, 250px\"\/><\/a><\/div><div class=\"sgb-item\"><a href=\"https:\/\/feuerwehr-feistritz.at\/?attachment_id=2376\" target=\"_blank\"><img decoding=\"async\" alt=\"\" width=\"300\" height=\"225\" loading=\"lazy\" src=\"https:\/\/feuerwehr-feistritz.at\/wp-content\/uploads\/2022\/08\/IMG_5364-300x225.jpeg\" srcset=\"https:\/\/feuerwehr-feistritz.at\/wp-content\/uploads\/2022\/08\/IMG_5364-300x225.jpeg 300w,https:\/\/feuerwehr-feistritz.at\/wp-content\/uploads\/2022\/08\/IMG_5364-1024x768.jpeg 1024w,https:\/\/feuerwehr-feistritz.at\/wp-content\/uploads\/2022\/08\/IMG_5364.jpeg 1209w\" sizes=\"auto, 250px\"\/><\/a><\/div><div class=\"sgb-item\"><a href=\"https:\/\/feuerwehr-feistritz.at\/?attachment_id=2377\" target=\"_blank\"><img decoding=\"async\" alt=\"\" width=\"300\" height=\"225\" loading=\"lazy\" src=\"https:\/\/feuerwehr-feistritz.at\/wp-content\/uploads\/2022\/08\/IMG_5365-300x225.jpeg\" srcset=\"https:\/\/feuerwehr-feistritz.at\/wp-content\/uploads\/2022\/08\/IMG_5365-300x225.jpeg 300w,https:\/\/feuerwehr-feistritz.at\/wp-content\/uploads\/2022\/08\/IMG_5365-1024x768.jpeg 1024w,https:\/\/feuerwehr-feistritz.at\/wp-content\/uploads\/2022\/08\/IMG_5365.jpeg 1209w\" sizes=\"auto, 250px\"\/><\/a><\/div><div class=\"sgb-item\"><a href=\"https:\/\/feuerwehr-feistritz.at\/?attachment_id=2378\" target=\"_blank\"><img decoding=\"async\" alt=\"\" width=\"300\" height=\"225\" loading=\"lazy\" src=\"https:\/\/feuerwehr-feistritz.at\/wp-content\/uploads\/2022\/08\/IMG_5366-300x225.jpeg\" srcset=\"https:\/\/feuerwehr-feistritz.at\/wp-content\/uploads\/2022\/08\/IMG_5366-300x225.jpeg 300w,https:\/\/feuerwehr-feistritz.at\/wp-content\/uploads\/2022\/08\/IMG_5366-1024x768.jpeg 1024w,https:\/\/feuerwehr-feistritz.at\/wp-content\/uploads\/2022\/08\/IMG_5366.jpeg 1209w\" sizes=\"auto, 250px\"\/><\/a><\/div><div class=\"sgb-item\"><a href=\"https:\/\/feuerwehr-feistritz.at\/?attachment_id=2379\" target=\"_blank\"><img decoding=\"async\" alt=\"\" width=\"225\" height=\"300\" loading=\"lazy\" src=\"https:\/\/feuerwehr-feistritz.at\/wp-content\/uploads\/2022\/08\/IMG_5367-225x300.jpeg\" srcset=\"https:\/\/feuerwehr-feistritz.at\/wp-content\/uploads\/2022\/08\/IMG_5367-225x300.jpeg 225w,https:\/\/feuerwehr-feistritz.at\/wp-content\/uploads\/2022\/08\/IMG_5367-768x1024.jpeg 768w,https:\/\/feuerwehr-feistritz.at\/wp-content\/uploads\/2022\/08\/IMG_5367.jpeg 907w\" sizes=\"auto, 250px\"\/><\/a><\/div><div class=\"sgb-item\"><a href=\"https:\/\/feuerwehr-feistritz.at\/?attachment_id=2380\" target=\"_blank\"><img decoding=\"async\" alt=\"\" width=\"225\" height=\"300\" loading=\"lazy\" src=\"https:\/\/feuerwehr-feistritz.at\/wp-content\/uploads\/2022\/08\/IMG_5368-225x300.jpeg\" srcset=\"https:\/\/feuerwehr-feistritz.at\/wp-content\/uploads\/2022\/08\/IMG_5368-225x300.jpeg 225w,https:\/\/feuerwehr-feistritz.at\/wp-content\/uploads\/2022\/08\/IMG_5368-768x1024.jpeg 768w,https:\/\/feuerwehr-feistritz.at\/wp-content\/uploads\/2022\/08\/IMG_5368.jpeg 907w\" sizes=\"auto, 250px\"\/><\/a><\/div><div class=\"sgb-item\"><a href=\"https:\/\/feuerwehr-feistritz.at\/?attachment_id=2381\" target=\"_blank\"><img decoding=\"async\" alt=\"\" width=\"225\" height=\"300\" loading=\"lazy\" src=\"https:\/\/feuerwehr-feistritz.at\/wp-content\/uploads\/2022\/08\/IMG_5369-225x300.jpeg\" srcset=\"https:\/\/feuerwehr-feistritz.at\/wp-content\/uploads\/2022\/08\/IMG_5369-225x300.jpeg 225w,https:\/\/feuerwehr-feistritz.at\/wp-content\/uploads\/2022\/08\/IMG_5369-768x1024.jpeg 768w,https:\/\/feuerwehr-feistritz.at\/wp-content\/uploads\/2022\/08\/IMG_5369.jpeg 907w\" sizes=\"auto, 250px\"\/><\/a><\/div><div class=\"sgb-item\"><a href=\"https:\/\/feuerwehr-feistritz.at\/?attachment_id=2382\" target=\"_blank\"><img decoding=\"async\" alt=\"\" width=\"300\" height=\"225\" loading=\"lazy\" src=\"https:\/\/feuerwehr-feistritz.at\/wp-content\/uploads\/2022\/08\/IMG_5370-300x225.jpeg\" srcset=\"https:\/\/feuerwehr-feistritz.at\/wp-content\/uploads\/2022\/08\/IMG_5370-300x225.jpeg 300w,https:\/\/feuerwehr-feistritz.at\/wp-content\/uploads\/2022\/08\/IMG_5370-1024x768.jpeg 1024w,https:\/\/feuerwehr-feistritz.at\/wp-content\/uploads\/2022\/08\/IMG_5370.jpeg 1209w\" sizes=\"auto, 250px\"\/><\/a><\/div><div class=\"sgb-item\"><a href=\"https:\/\/feuerwehr-feistritz.at\/?attachment_id=2383\" target=\"_blank\"><img decoding=\"async\" alt=\"\" width=\"300\" height=\"225\" loading=\"lazy\" src=\"https:\/\/feuerwehr-feistritz.at\/wp-content\/uploads\/2022\/08\/IMG_5371-300x225.jpeg\" srcset=\"https:\/\/feuerwehr-feistritz.at\/wp-content\/uploads\/2022\/08\/IMG_5371-300x225.jpeg 300w,https:\/\/feuerwehr-feistritz.at\/wp-content\/uploads\/2022\/08\/IMG_5371-1024x768.jpeg 1024w,https:\/\/feuerwehr-feistritz.at\/wp-content\/uploads\/2022\/08\/IMG_5371.jpeg 1209w\" sizes=\"auto, 250px\"\/><\/a><\/div><div class=\"sgb-item\"><a href=\"https:\/\/feuerwehr-feistritz.at\/?attachment_id=2384\" target=\"_blank\"><img decoding=\"async\" alt=\"\" width=\"300\" height=\"225\" loading=\"lazy\" src=\"https:\/\/feuerwehr-feistritz.at\/wp-content\/uploads\/2022\/08\/IMG_5372-300x225.jpeg\" srcset=\"https:\/\/feuerwehr-feistritz.at\/wp-content\/uploads\/2022\/08\/IMG_5372-300x225.jpeg 300w,https:\/\/feuerwehr-feistritz.at\/wp-content\/uploads\/2022\/08\/IMG_5372-1024x768.jpeg 1024w,https:\/\/feuerwehr-feistritz.at\/wp-content\/uploads\/2022\/08\/IMG_5372.jpeg 1209w\" sizes=\"auto, 250px\"\/><\/a><\/div><div class=\"sgb-item\"><a href=\"https:\/\/feuerwehr-feistritz.at\/?attachment_id=2385\" target=\"_blank\"><img decoding=\"async\" alt=\"\" width=\"300\" height=\"225\" loading=\"lazy\" src=\"https:\/\/feuerwehr-feistritz.at\/wp-content\/uploads\/2022\/08\/IMG_5373-300x225.jpeg\" srcset=\"https:\/\/feuerwehr-feistritz.at\/wp-content\/uploads\/2022\/08\/IMG_5373-300x225.jpeg 300w,https:\/\/feuerwehr-feistritz.at\/wp-content\/uploads\/2022\/08\/IMG_5373-1024x768.jpeg 1024w,https:\/\/feuerwehr-feistritz.at\/wp-content\/uploads\/2022\/08\/IMG_5373.jpeg 1209w\" sizes=\"auto, 250px\"\/><\/a><\/div><div class=\"sgb-item\"><a href=\"https:\/\/feuerwehr-feistritz.at\/?attachment_id=2386\" target=\"_blank\"><img decoding=\"async\" alt=\"\" width=\"225\" height=\"300\" loading=\"lazy\" src=\"https:\/\/feuerwehr-feistritz.at\/wp-content\/uploads\/2022\/08\/IMG_5374-225x300.jpeg\" srcset=\"https:\/\/feuerwehr-feistritz.at\/wp-content\/uploads\/2022\/08\/IMG_5374-225x300.jpeg 225w,https:\/\/feuerwehr-feistritz.at\/wp-content\/uploads\/2022\/08\/IMG_5374-768x1024.jpeg 768w,https:\/\/feuerwehr-feistritz.at\/wp-content\/uploads\/2022\/08\/IMG_5374.jpeg 907w\" sizes=\"auto, 250px\"\/><\/a><\/div><\/div><\/noscript><\/div><script type=\"application\/json\" class=\"sgb-data\">{\"sliderAdminWidth\":840,\"galleryType\":\"pgc_sgb_slider\",\"galleryId\":\"99e52307\",\"images\":[{\"id\":2375,\"title\":\"IMG_5363\",\"url\":\"https:\/\/feuerwehr-feistritz.at\/wp-content\/uploads\/2022\/08\/IMG_5363.jpeg\",\"link\":\"https:\/\/feuerwehr-feistritz.at\/?attachment_id=2375\",\"alt\":\"\",\"description\":\"\",\"caption\":\"\",\"mime\":\"image\/jpeg\",\"type\":\"image\",\"width\":1209,\"height\":907,\"sizes\":{\"thumbnail\":{\"height\":150,\"width\":150,\"url\":\"https:\/\/feuerwehr-feistritz.at\/wp-content\/uploads\/2022\/08\/IMG_5363-150x150.jpeg\",\"orientation\":\"landscape\"},\"medium\":{\"height\":225,\"width\":300,\"url\":\"https:\/\/feuerwehr-feistritz.at\/wp-content\/uploads\/2022\/08\/IMG_5363-300x225.jpeg\",\"orientation\":\"landscape\"},\"large\":{\"height\":768,\"width\":1024,\"url\":\"https:\/\/feuerwehr-feistritz.at\/wp-content\/uploads\/2022\/08\/IMG_5363-1024x768.jpeg\",\"orientation\":\"landscape\"},\"full\":{\"url\":\"https:\/\/feuerwehr-feistritz.at\/wp-content\/uploads\/2022\/08\/IMG_5363.jpeg\",\"height\":907,\"width\":1209,\"orientation\":\"landscape\"}},\"meta\":false,\"postlink\":\"https:\/\/feuerwehr-feistritz.at\/?attachment_id=2375\"},{\"id\":2376,\"title\":\"IMG_5364\",\"url\":\"https:\/\/feuerwehr-feistritz.at\/wp-content\/uploads\/2022\/08\/IMG_5364.jpeg\",\"link\":\"https:\/\/feuerwehr-feistritz.at\/?attachment_id=2376\",\"alt\":\"\",\"description\":\"\",\"caption\":\"\",\"mime\":\"image\/jpeg\",\"type\":\"image\",\"width\":1209,\"height\":907,\"sizes\":{\"thumbnail\":{\"height\":150,\"width\":150,\"url\":\"https:\/\/feuerwehr-feistritz.at\/wp-content\/uploads\/2022\/08\/IMG_5364-150x150.jpeg\",\"orientation\":\"landscape\"},\"medium\":{\"height\":225,\"width\":300,\"url\":\"https:\/\/feuerwehr-feistritz.at\/wp-content\/uploads\/2022\/08\/IMG_5364-300x225.jpeg\",\"orientation\":\"landscape\"},\"large\":{\"height\":768,\"width\":1024,\"url\":\"https:\/\/feuerwehr-feistritz.at\/wp-content\/uploads\/2022\/08\/IMG_5364-1024x768.jpeg\",\"orientation\":\"landscape\"},\"full\":{\"url\":\"https:\/\/feuerwehr-feistritz.at\/wp-content\/uploads\/2022\/08\/IMG_5364.jpeg\",\"height\":907,\"width\":1209,\"orientation\":\"landscape\"}},\"meta\":false,\"postlink\":\"https:\/\/feuerwehr-feistritz.at\/?attachment_id=2376\"},{\"id\":2377,\"title\":\"IMG_5365\",\"url\":\"https:\/\/feuerwehr-feistritz.at\/wp-content\/uploads\/2022\/08\/IMG_5365.jpeg\",\"link\":\"https:\/\/feuerwehr-feistritz.at\/?attachment_id=2377\",\"alt\":\"\",\"description\":\"\",\"caption\":\"\",\"mime\":\"image\/jpeg\",\"type\":\"image\",\"width\":1209,\"height\":907,\"sizes\":{\"thumbnail\":{\"height\":150,\"width\":150,\"url\":\"https:\/\/feuerwehr-feistritz.at\/wp-content\/uploads\/2022\/08\/IMG_5365-150x150.jpeg\",\"orientation\":\"landscape\"},\"medium\":{\"height\":225,\"width\":300,\"url\":\"https:\/\/feuerwehr-feistritz.at\/wp-content\/uploads\/2022\/08\/IMG_5365-300x225.jpeg\",\"orientation\":\"landscape\"},\"large\":{\"height\":768,\"width\":1024,\"url\":\"https:\/\/feuerwehr-feistritz.at\/wp-content\/uploads\/2022\/08\/IMG_5365-1024x768.jpeg\",\"orientation\":\"landscape\"},\"full\":{\"url\":\"https:\/\/feuerwehr-feistritz.at\/wp-content\/uploads\/2022\/08\/IMG_5365.jpeg\",\"height\":907,\"width\":1209,\"orientation\":\"landscape\"}},\"meta\":false,\"postlink\":\"https:\/\/feuerwehr-feistritz.at\/?attachment_id=2377\"},{\"id\":2378,\"title\":\"IMG_5366\",\"url\":\"https:\/\/feuerwehr-feistritz.at\/wp-content\/uploads\/2022\/08\/IMG_5366.jpeg\",\"link\":\"https:\/\/feuerwehr-feistritz.at\/?attachment_id=2378\",\"alt\":\"\",\"description\":\"\",\"caption\":\"\",\"mime\":\"image\/jpeg\",\"type\":\"image\",\"width\":1209,\"height\":907,\"sizes\":{\"thumbnail\":{\"height\":150,\"width\":150,\"url\":\"https:\/\/feuerwehr-feistritz.at\/wp-content\/uploads\/2022\/08\/IMG_5366-150x150.jpeg\",\"orientation\":\"landscape\"},\"medium\":{\"height\":225,\"width\":300,\"url\":\"https:\/\/feuerwehr-feistritz.at\/wp-content\/uploads\/2022\/08\/IMG_5366-300x225.jpeg\",\"orientation\":\"landscape\"},\"large\":{\"height\":768,\"width\":1024,\"url\":\"https:\/\/feuerwehr-feistritz.at\/wp-content\/uploads\/2022\/08\/IMG_5366-1024x768.jpeg\",\"orientation\":\"landscape\"},\"full\":{\"url\":\"https:\/\/feuerwehr-feistritz.at\/wp-content\/uploads\/2022\/08\/IMG_5366.jpeg\",\"height\":907,\"width\":1209,\"orientation\":\"landscape\"}},\"meta\":false,\"postlink\":\"https:\/\/feuerwehr-feistritz.at\/?attachment_id=2378\"},{\"id\":2379,\"title\":\"IMG_5367\",\"url\":\"https:\/\/feuerwehr-feistritz.at\/wp-content\/uploads\/2022\/08\/IMG_5367.jpeg\",\"link\":\"https:\/\/feuerwehr-feistritz.at\/?attachment_id=2379\",\"alt\":\"\",\"description\":\"\",\"caption\":\"\",\"mime\":\"image\/jpeg\",\"type\":\"image\",\"width\":907,\"height\":1209,\"sizes\":{\"thumbnail\":{\"height\":150,\"width\":150,\"url\":\"https:\/\/feuerwehr-feistritz.at\/wp-content\/uploads\/2022\/08\/IMG_5367-150x150.jpeg\",\"orientation\":\"landscape\"},\"medium\":{\"height\":300,\"width\":225,\"url\":\"https:\/\/feuerwehr-feistritz.at\/wp-content\/uploads\/2022\/08\/IMG_5367-225x300.jpeg\",\"orientation\":\"portrait\"},\"large\":{\"height\":1024,\"width\":768,\"url\":\"https:\/\/feuerwehr-feistritz.at\/wp-content\/uploads\/2022\/08\/IMG_5367-768x1024.jpeg\",\"orientation\":\"portrait\"},\"full\":{\"url\":\"https:\/\/feuerwehr-feistritz.at\/wp-content\/uploads\/2022\/08\/IMG_5367.jpeg\",\"height\":1209,\"width\":907,\"orientation\":\"portrait\"}},\"meta\":false,\"postlink\":\"https:\/\/feuerwehr-feistritz.at\/?attachment_id=2379\"},{\"id\":2380,\"title\":\"IMG_5368\",\"url\":\"https:\/\/feuerwehr-feistritz.at\/wp-content\/uploads\/2022\/08\/IMG_5368.jpeg\",\"link\":\"https:\/\/feuerwehr-feistritz.at\/?attachment_id=2380\",\"alt\":\"\",\"description\":\"\",\"caption\":\"\",\"mime\":\"image\/jpeg\",\"type\":\"image\",\"width\":907,\"height\":1209,\"sizes\":{\"thumbnail\":{\"height\":150,\"width\":150,\"url\":\"https:\/\/feuerwehr-feistritz.at\/wp-content\/uploads\/2022\/08\/IMG_5368-150x150.jpeg\",\"orientation\":\"landscape\"},\"medium\":{\"height\":300,\"width\":225,\"url\":\"https:\/\/feuerwehr-feistritz.at\/wp-content\/uploads\/2022\/08\/IMG_5368-225x300.jpeg\",\"orientation\":\"portrait\"},\"large\":{\"height\":1024,\"width\":768,\"url\":\"https:\/\/feuerwehr-feistritz.at\/wp-content\/uploads\/2022\/08\/IMG_5368-768x1024.jpeg\",\"orientation\":\"portrait\"},\"full\":{\"url\":\"https:\/\/feuerwehr-feistritz.at\/wp-content\/uploads\/2022\/08\/IMG_5368.jpeg\",\"height\":1209,\"width\":907,\"orientation\":\"portrait\"}},\"meta\":false,\"postlink\":\"https:\/\/feuerwehr-feistritz.at\/?attachment_id=2380\"},{\"id\":2381,\"title\":\"IMG_5369\",\"url\":\"https:\/\/feuerwehr-feistritz.at\/wp-content\/uploads\/2022\/08\/IMG_5369.jpeg\",\"link\":\"https:\/\/feuerwehr-feistritz.at\/?attachment_id=2381\",\"alt\":\"\",\"description\":\"\",\"caption\":\"\",\"mime\":\"image\/jpeg\",\"type\":\"image\",\"width\":907,\"height\":1209,\"sizes\":{\"thumbnail\":{\"height\":150,\"width\":150,\"url\":\"https:\/\/feuerwehr-feistritz.at\/wp-content\/uploads\/2022\/08\/IMG_5369-150x150.jpeg\",\"orientation\":\"landscape\"},\"medium\":{\"height\":300,\"width\":225,\"url\":\"https:\/\/feuerwehr-feistritz.at\/wp-content\/uploads\/2022\/08\/IMG_5369-225x300.jpeg\",\"orientation\":\"portrait\"},\"large\":{\"height\":1024,\"width\":768,\"url\":\"https:\/\/feuerwehr-feistritz.at\/wp-content\/uploads\/2022\/08\/IMG_5369-768x1024.jpeg\",\"orientation\":\"portrait\"},\"full\":{\"url\":\"https:\/\/feuerwehr-feistritz.at\/wp-content\/uploads\/2022\/08\/IMG_5369.jpeg\",\"height\":1209,\"width\":907,\"orientation\":\"portrait\"}},\"meta\":false,\"postlink\":\"https:\/\/feuerwehr-feistritz.at\/?attachment_id=2381\"},{\"id\":2382,\"title\":\"IMG_5370\",\"url\":\"https:\/\/feuerwehr-feistritz.at\/wp-content\/uploads\/2022\/08\/IMG_5370.jpeg\",\"link\":\"https:\/\/feuerwehr-feistritz.at\/?attachment_id=2382\",\"alt\":\"\",\"description\":\"\",\"caption\":\"\",\"mime\":\"image\/jpeg\",\"type\":\"image\",\"width\":1209,\"height\":907,\"sizes\":{\"thumbnail\":{\"height\":150,\"width\":150,\"url\":\"https:\/\/feuerwehr-feistritz.at\/wp-content\/uploads\/2022\/08\/IMG_5370-150x150.jpeg\",\"orientation\":\"landscape\"},\"medium\":{\"height\":225,\"width\":300,\"url\":\"https:\/\/feuerwehr-feistritz.at\/wp-content\/uploads\/2022\/08\/IMG_5370-300x225.jpeg\",\"orientation\":\"landscape\"},\"large\":{\"height\":768,\"width\":1024,\"url\":\"https:\/\/feuerwehr-feistritz.at\/wp-content\/uploads\/2022\/08\/IMG_5370-1024x768.jpeg\",\"orientation\":\"landscape\"},\"full\":{\"url\":\"https:\/\/feuerwehr-feistritz.at\/wp-content\/uploads\/2022\/08\/IMG_5370.jpeg\",\"height\":907,\"width\":1209,\"orientation\":\"landscape\"}},\"meta\":false,\"postlink\":\"https:\/\/feuerwehr-feistritz.at\/?attachment_id=2382\"},{\"id\":2383,\"title\":\"IMG_5371\",\"url\":\"https:\/\/feuerwehr-feistritz.at\/wp-content\/uploads\/2022\/08\/IMG_5371.jpeg\",\"link\":\"https:\/\/feuerwehr-feistritz.at\/?attachment_id=2383\",\"alt\":\"\",\"description\":\"\",\"caption\":\"\",\"mime\":\"image\/jpeg\",\"type\":\"image\",\"width\":1209,\"height\":907,\"sizes\":{\"thumbnail\":{\"height\":150,\"width\":150,\"url\":\"https:\/\/feuerwehr-feistritz.at\/wp-content\/uploads\/2022\/08\/IMG_5371-150x150.jpeg\",\"orientation\":\"landscape\"},\"medium\":{\"height\":225,\"width\":300,\"url\":\"https:\/\/feuerwehr-feistritz.at\/wp-content\/uploads\/2022\/08\/IMG_5371-300x225.jpeg\",\"orientation\":\"landscape\"},\"large\":{\"height\":768,\"width\":1024,\"url\":\"https:\/\/feuerwehr-feistritz.at\/wp-content\/uploads\/2022\/08\/IMG_5371-1024x768.jpeg\",\"orientation\":\"landscape\"},\"full\":{\"url\":\"https:\/\/feuerwehr-feistritz.at\/wp-content\/uploads\/2022\/08\/IMG_5371.jpeg\",\"height\":907,\"width\":1209,\"orientation\":\"landscape\"}},\"meta\":false,\"postlink\":\"https:\/\/feuerwehr-feistritz.at\/?attachment_id=2383\"},{\"id\":2384,\"title\":\"IMG_5372\",\"url\":\"https:\/\/feuerwehr-feistritz.at\/wp-content\/uploads\/2022\/08\/IMG_5372.jpeg\",\"link\":\"https:\/\/feuerwehr-feistritz.at\/?attachment_id=2384\",\"alt\":\"\",\"description\":\"\",\"caption\":\"\",\"mime\":\"image\/jpeg\",\"type\":\"image\",\"width\":1209,\"height\":907,\"sizes\":{\"thumbnail\":{\"height\":150,\"width\":150,\"url\":\"https:\/\/feuerwehr-feistritz.at\/wp-content\/uploads\/2022\/08\/IMG_5372-150x150.jpeg\",\"orientation\":\"landscape\"},\"medium\":{\"height\":225,\"width\":300,\"url\":\"https:\/\/feuerwehr-feistritz.at\/wp-content\/uploads\/2022\/08\/IMG_5372-300x225.jpeg\",\"orientation\":\"landscape\"},\"large\":{\"height\":768,\"width\":1024,\"url\":\"https:\/\/feuerwehr-feistritz.at\/wp-content\/uploads\/2022\/08\/IMG_5372-1024x768.jpeg\",\"orientation\":\"landscape\"},\"full\":{\"url\":\"https:\/\/feuerwehr-feistritz.at\/wp-content\/uploads\/2022\/08\/IMG_5372.jpeg\",\"height\":907,\"width\":1209,\"orientation\":\"landscape\"}},\"meta\":false,\"postlink\":\"https:\/\/feuerwehr-feistritz.at\/?attachment_id=2384\"},{\"id\":2385,\"title\":\"IMG_5373\",\"url\":\"https:\/\/feuerwehr-feistritz.at\/wp-content\/uploads\/2022\/08\/IMG_5373.jpeg\",\"link\":\"https:\/\/feuerwehr-feistritz.at\/?attachment_id=2385\",\"alt\":\"\",\"description\":\"\",\"caption\":\"\",\"mime\":\"image\/jpeg\",\"type\":\"image\",\"width\":1209,\"height\":907,\"sizes\":{\"thumbnail\":{\"height\":150,\"width\":150,\"url\":\"https:\/\/feuerwehr-feistritz.at\/wp-content\/uploads\/2022\/08\/IMG_5373-150x150.jpeg\",\"orientation\":\"landscape\"},\"medium\":{\"height\":225,\"width\":300,\"url\":\"https:\/\/feuerwehr-feistritz.at\/wp-content\/uploads\/2022\/08\/IMG_5373-300x225.jpeg\",\"orientation\":\"landscape\"},\"large\":{\"height\":768,\"width\":1024,\"url\":\"https:\/\/feuerwehr-feistritz.at\/wp-content\/uploads\/2022\/08\/IMG_5373-1024x768.jpeg\",\"orientation\":\"landscape\"},\"full\":{\"url\":\"https:\/\/feuerwehr-feistritz.at\/wp-content\/uploads\/2022\/08\/IMG_5373.jpeg\",\"height\":907,\"width\":1209,\"orientation\":\"landscape\"}},\"meta\":false,\"postlink\":\"https:\/\/feuerwehr-feistritz.at\/?attachment_id=2385\"},{\"id\":2386,\"title\":\"IMG_5374\",\"url\":\"https:\/\/feuerwehr-feistritz.at\/wp-content\/uploads\/2022\/08\/IMG_5374.jpeg\",\"link\":\"https:\/\/feuerwehr-feistritz.at\/?attachment_id=2386\",\"alt\":\"\",\"description\":\"\",\"caption\":\"\",\"mime\":\"image\/jpeg\",\"type\":\"image\",\"width\":907,\"height\":1209,\"sizes\":{\"thumbnail\":{\"height\":150,\"width\":150,\"url\":\"https:\/\/feuerwehr-feistritz.at\/wp-content\/uploads\/2022\/08\/IMG_5374-150x150.jpeg\",\"orientation\":\"landscape\"},\"medium\":{\"height\":300,\"width\":225,\"url\":\"https:\/\/feuerwehr-feistritz.at\/wp-content\/uploads\/2022\/08\/IMG_5374-225x300.jpeg\",\"orientation\":\"portrait\"},\"large\":{\"height\":1024,\"width\":768,\"url\":\"https:\/\/feuerwehr-feistritz.at\/wp-content\/uploads\/2022\/08\/IMG_5374-768x1024.jpeg\",\"orientation\":\"portrait\"},\"full\":{\"url\":\"https:\/\/feuerwehr-feistritz.at\/wp-content\/uploads\/2022\/08\/IMG_5374.jpeg\",\"height\":1209,\"width\":907,\"orientation\":\"portrait\"}},\"meta\":false,\"postlink\":\"https:\/\/feuerwehr-feistritz.at\/?attachment_id=2386\"}],\"itemsMetaDataCollection\":[]}<\/script><script>(function(){if(window.PGC_SGB && window.PGC_SGB.searcher){window.PGC_SGB.searcher.initBlocks()}})()<\/script><\/div>\n\n<div class=\"taxonomy-post_tag wp-block-post-terms\"><a href=\"https:\/\/feuerwehr-feistritz.at\/index.php\/tag\/baum\/\" rel=\"tag\">Baum<\/a><span class=\"wp-block-post-terms__separator\">, <\/span><a href=\"https:\/\/feuerwehr-feistritz.at\/index.php\/tag\/blitzschlag\/\" rel=\"tag\">Blitzschlag<\/a><span class=\"wp-block-post-terms__separator\">, <\/span><a href=\"https:\/\/feuerwehr-feistritz.at\/index.php\/tag\/brand\/\" rel=\"tag\">Brand<\/a><span class=\"wp-block-post-terms__separator\">, <\/span><a href=\"https:\/\/feuerwehr-feistritz.at\/index.php\/tag\/brandeinsatz\/\" rel=\"tag\">Brandeinsatz<\/a><span class=\"wp-block-post-terms__separator\">, <\/span><a href=\"https:\/\/feuerwehr-feistritz.at\/index.php\/tag\/gewitter\/\" rel=\"tag\">Gewitter<\/a><span class=\"wp-block-post-terms__separator\">, <\/span><a href=\"https:\/\/feuerwehr-feistritz.at\/index.php\/tag\/waldberecih\/\" rel=\"tag\">Waldberecih<\/a><\/div>","protected":false},"excerpt":{"rendered":"<p>Durch das Gewitter am vorherigen Samstag schlug ein Blitz in [&hellip;]<\/p>\n","protected":false},"author":2,"featured_media":2375,"template":"","meta":{"pgc_sgb_lightbox_settings":"","einsatz_weight":1,"footnotes":""},"categories":[2],"tags":[120,179,18,40,176,178],"einsatzart":[43],"fahrzeug":[95,45,46],"exteinsatzmittel":[50],"alarmierungsart":[52],"evw_unit":[64,71],"class_list":["post-2374","einsatz","type-einsatz","status-publish","has-post-thumbnail","hentry","category-einsatz","tag-baum","tag-blitzschlag","tag-brand","tag-brandeinsatz","tag-gewitter","tag-waldberecih","einsatzart-brandeinsatz","fahrzeug-klf-a-3","fahrzeug-rlfa-2000","fahrzeug-tlfa-4000","exteinsatzmittel-polizei-kaernten","alarmierungsart-sirenenalarm","evw_unit-feuerwehr-feistritz-drau","evw_unit-feuerwehr-poellan","col-md-4 col-sm-4"],"_links":{"self":[{"href":"https:\/\/feuerwehr-feistritz.at\/index.php\/wp-json\/wp\/v2\/einsatz\/2374","targetHints":{"allow":["GET"]}}],"collection":[{"href":"https:\/\/feuerwehr-feistritz.at\/index.php\/wp-json\/wp\/v2\/einsatz"}],"about":[{"href":"https:\/\/feuerwehr-feistritz.at\/index.php\/wp-json\/wp\/v2\/types\/einsatz"}],"author":[{"embeddable":true,"href":"https:\/\/feuerwehr-feistritz.at\/index.php\/wp-json\/wp\/v2\/users\/2"}],"version-history":[{"count":1,"href":"https:\/\/feuerwehr-feistritz.at\/index.php\/wp-json\/wp\/v2\/einsatz\/2374\/revisions"}],"predecessor-version":[{"id":2387,"href":"https:\/\/feuerwehr-feistritz.at\/index.php\/wp-json\/wp\/v2\/einsatz\/2374\/revisions\/2387"}],"wp:featuredmedia":[{"embeddable":true,"href":"https:\/\/feuerwehr-feistritz.at\/index.php\/wp-json\/wp\/v2\/media\/2375"}],"wp:attachment":[{"href":"https:\/\/feuerwehr-feistritz.at\/index.php\/wp-json\/wp\/v2\/media?parent=2374"}],"wp:term":[{"taxonomy":"category","embeddable":true,"href":"https:\/\/feuerwehr-feistritz.at\/index.php\/wp-json\/wp\/v2\/categories?post=2374"},{"taxonomy":"post_tag","embeddable":true,"href":"https:\/\/feuerwehr-feistritz.at\/index.php\/wp-json\/wp\/v2\/tags?post=2374"},{"taxonomy":"einsatzart","embeddable":true,"href":"https:\/\/feuerwehr-feistritz.at\/index.php\/wp-json\/wp\/v2\/einsatzart?post=2374"},{"taxonomy":"fahrzeug","embeddable":true,"href":"https:\/\/feuerwehr-feistritz.at\/index.php\/wp-json\/wp\/v2\/fahrzeug?post=2374"},{"taxonomy":"exteinsatzmittel","embeddable":true,"href":"https:\/\/feuerwehr-feistritz.at\/index.php\/wp-json\/wp\/v2\/exteinsatzmittel?post=2374"},{"taxonomy":"alarmierungsart","embeddable":true,"href":"https:\/\/feuerwehr-feistritz.at\/index.php\/wp-json\/wp\/v2\/alarmierungsart?post=2374"},{"taxonomy":"evw_unit","embeddable":true,"href":"https:\/\/feuerwehr-feistritz.at\/index.php\/wp-json\/wp\/v2\/evw_unit?post=2374"}],"curies":[{"name":"wp","href":"https:\/\/api.w.org\/{rel}","templated":true}]}}