{"id":3160,"date":"2022-10-24T07:48:00","date_gmt":"2022-10-24T06:48:00","guid":{"rendered":"https:\/\/feuerwehr-feistritz.at\/?post_type=einsatz&#038;p=3160"},"modified":"2022-10-24T11:09:57","modified_gmt":"2022-10-24T10:09:57","slug":"tvu3-verkehrsunfall-mit-eingeklemmter-person-a10-24-10-2022","status":"publish","type":"einsatz","link":"https:\/\/feuerwehr-feistritz.at\/index.php\/einsatzberichte\/3160-tvu3-verkehrsunfall-mit-eingeklemmter-person-a10-24-10-2022\/","title":{"rendered":"TVU3, Verkehrsunfall mit eingeklemmter Person, A10 24.10.2022"},"content":{"rendered":"<p>In den fr\u00fchen Morgenstunden kam es auf der Tauernautobahn A10 in Fahrtrichtung Villach kurz vor dem Kroislerwandtunnel zu einem schweren Verkehrsunfall.<\/p>\n<p>\u00a0Ein LKW Lenker touchierte ein, von der Asfinag, abgestellten LKW mit Anh\u00e4nger zur Baustellenabsicherung. Der LKW kam auf der \u00dcberhohlspur in der Mittelleitschiene zum Stillstand. Der Fahrer wurde eingeklemmt.<\/p>\n<p>Um 07:48 Uhr wurden die Feuerwehren St.Peter\/Spittal, T\u00f6plitsch und Feistritz\/Drau alarmiert. Verkehrsunfall mit 2 LKW sowie einer eingeklemmten Person lautete die Einsatzmeldung.<\/p>\n<p>An der Unfallstelle konnte bereits der im LKW eingeklemmte Fahrer von anderen Verkehrsteilnehmern aus dem Fahrzeug befreit werden. Dieser wurde Verletzt in das Krankenhaus geflogen. Der Fahrzeuglenker des ASFINAG Fahrzeuges wurde ebenso verletzt und mit der Rettung ebenso ins Krankenhaus gebracht.<\/p>\n<p>Ausgeronnene Betriebsstoffe sowie ein Granulat f\u00fcr Waschmittel wurde von der Feuerwehr gebunden und in Beh\u00e4ltnisse verladen. Die Verbringung der Fahrzeuge wurde durch ein privates Abschleppunternehmen durchgef\u00fchrt. F\u00fcr die Dauer der Bergung musste die Autobahn gesperrt werden.<\/p>\n\n<div class=\"pgc-sgb-cb wp-block-pgcsimplygalleryblock-slider \" data-gallery-id=\"a2516648\"style=&quot;min-height:400px&quot;><div class=\"sgb-preloader\" id=\"pr_a2516648\">\n\t<div class=\"sgb-square\" style=\"background:#d4d4d4\"><\/div>\n\t<div class=\"sgb-square\" style=\"background:#d4d4d4\"><\/div>\n\t<div class=\"sgb-square\" style=\"background:#d4d4d4\"><\/div>\n\t<div class=\"sgb-square\" style=\"background:#d4d4d4\"><\/div><\/div><div class=\"simply-gallery-amp pgc_sgb_slider \"><noscript><div class=\"sgb-gallery\"><div class=\"sgb-item\"><a href=\"https:\/\/feuerwehr-feistritz.at\/?attachment_id=3162\" target=\"_blank\"><img decoding=\"async\" alt=\"\" width=\"300\" height=\"225\" loading=\"lazy\" src=\"https:\/\/feuerwehr-feistritz.at\/wp-content\/uploads\/2022\/10\/IMG_6732-300x225.jpeg\" srcset=\"https:\/\/feuerwehr-feistritz.at\/wp-content\/uploads\/2022\/10\/IMG_6732-300x225.jpeg 300w,https:\/\/feuerwehr-feistritz.at\/wp-content\/uploads\/2022\/10\/IMG_6732-1024x768.jpeg 1024w,https:\/\/feuerwehr-feistritz.at\/wp-content\/uploads\/2022\/10\/IMG_6732.jpeg 1209w\" sizes=\"auto, 250px\"\/><\/a><\/div><div class=\"sgb-item\"><a href=\"https:\/\/feuerwehr-feistritz.at\/?attachment_id=3163\" target=\"_blank\"><img decoding=\"async\" alt=\"\" width=\"300\" height=\"225\" loading=\"lazy\" src=\"https:\/\/feuerwehr-feistritz.at\/wp-content\/uploads\/2022\/10\/IMG_6738-300x225.jpeg\" srcset=\"https:\/\/feuerwehr-feistritz.at\/wp-content\/uploads\/2022\/10\/IMG_6738-300x225.jpeg 300w,https:\/\/feuerwehr-feistritz.at\/wp-content\/uploads\/2022\/10\/IMG_6738-1024x768.jpeg 1024w,https:\/\/feuerwehr-feistritz.at\/wp-content\/uploads\/2022\/10\/IMG_6738.jpeg 1209w\" sizes=\"auto, 250px\"\/><\/a><\/div><div class=\"sgb-item\"><a href=\"https:\/\/feuerwehr-feistritz.at\/?attachment_id=3164\" target=\"_blank\"><img decoding=\"async\" alt=\"\" width=\"300\" height=\"225\" loading=\"lazy\" src=\"https:\/\/feuerwehr-feistritz.at\/wp-content\/uploads\/2022\/10\/IMG_6748-300x225.jpeg\" srcset=\"https:\/\/feuerwehr-feistritz.at\/wp-content\/uploads\/2022\/10\/IMG_6748-300x225.jpeg 300w,https:\/\/feuerwehr-feistritz.at\/wp-content\/uploads\/2022\/10\/IMG_6748-1024x768.jpeg 1024w,https:\/\/feuerwehr-feistritz.at\/wp-content\/uploads\/2022\/10\/IMG_6748.jpeg 1209w\" sizes=\"auto, 250px\"\/><\/a><\/div><div class=\"sgb-item\"><a href=\"https:\/\/feuerwehr-feistritz.at\/?attachment_id=3165\" target=\"_blank\"><img decoding=\"async\" alt=\"\" width=\"300\" height=\"225\" loading=\"lazy\" src=\"https:\/\/feuerwehr-feistritz.at\/wp-content\/uploads\/2022\/10\/IMG_6763-300x225.jpeg\" srcset=\"https:\/\/feuerwehr-feistritz.at\/wp-content\/uploads\/2022\/10\/IMG_6763-300x225.jpeg 300w,https:\/\/feuerwehr-feistritz.at\/wp-content\/uploads\/2022\/10\/IMG_6763-1024x768.jpeg 1024w,https:\/\/feuerwehr-feistritz.at\/wp-content\/uploads\/2022\/10\/IMG_6763.jpeg 1209w\" sizes=\"auto, 250px\"\/><\/a><\/div><div class=\"sgb-item\"><a href=\"https:\/\/feuerwehr-feistritz.at\/?attachment_id=3166\" target=\"_blank\"><img decoding=\"async\" alt=\"\" width=\"300\" height=\"225\" loading=\"lazy\" src=\"https:\/\/feuerwehr-feistritz.at\/wp-content\/uploads\/2022\/10\/IMG_6770-300x225.jpeg\" srcset=\"https:\/\/feuerwehr-feistritz.at\/wp-content\/uploads\/2022\/10\/IMG_6770-300x225.jpeg 300w,https:\/\/feuerwehr-feistritz.at\/wp-content\/uploads\/2022\/10\/IMG_6770-1024x768.jpeg 1024w,https:\/\/feuerwehr-feistritz.at\/wp-content\/uploads\/2022\/10\/IMG_6770.jpeg 1209w\" sizes=\"auto, 250px\"\/><\/a><\/div><div class=\"sgb-item\"><a href=\"https:\/\/feuerwehr-feistritz.at\/?attachment_id=3167\" target=\"_blank\"><img decoding=\"async\" alt=\"\" width=\"300\" height=\"225\" loading=\"lazy\" src=\"https:\/\/feuerwehr-feistritz.at\/wp-content\/uploads\/2022\/10\/IMG_6773-300x225.jpeg\" srcset=\"https:\/\/feuerwehr-feistritz.at\/wp-content\/uploads\/2022\/10\/IMG_6773-300x225.jpeg 300w,https:\/\/feuerwehr-feistritz.at\/wp-content\/uploads\/2022\/10\/IMG_6773-1024x768.jpeg 1024w,https:\/\/feuerwehr-feistritz.at\/wp-content\/uploads\/2022\/10\/IMG_6773.jpeg 1209w\" sizes=\"auto, 250px\"\/><\/a><\/div><div class=\"sgb-item\"><a href=\"https:\/\/feuerwehr-feistritz.at\/?attachment_id=3168\" target=\"_blank\"><img decoding=\"async\" alt=\"\" width=\"300\" height=\"225\" loading=\"lazy\" src=\"https:\/\/feuerwehr-feistritz.at\/wp-content\/uploads\/2022\/10\/IMG_6775-300x225.jpeg\" srcset=\"https:\/\/feuerwehr-feistritz.at\/wp-content\/uploads\/2022\/10\/IMG_6775-300x225.jpeg 300w,https:\/\/feuerwehr-feistritz.at\/wp-content\/uploads\/2022\/10\/IMG_6775-1024x768.jpeg 1024w,https:\/\/feuerwehr-feistritz.at\/wp-content\/uploads\/2022\/10\/IMG_6775.jpeg 1209w\" sizes=\"auto, 250px\"\/><\/a><\/div><\/div><\/noscript><\/div><script type=\"application\/json\" class=\"sgb-data\">{\"sliderAdminWidth\":840,\"galleryType\":\"pgc_sgb_slider\",\"galleryId\":\"a2516648\",\"images\":[{\"id\":3162,\"title\":\"IMG_6732\",\"url\":\"https:\/\/feuerwehr-feistritz.at\/wp-content\/uploads\/2022\/10\/IMG_6732.jpeg\",\"link\":\"https:\/\/feuerwehr-feistritz.at\/?attachment_id=3162\",\"alt\":\"\",\"description\":\"\",\"caption\":\"\",\"mime\":\"image\/jpeg\",\"type\":\"image\",\"width\":1209,\"height\":907,\"sizes\":{\"thumbnail\":{\"height\":150,\"width\":150,\"url\":\"https:\/\/feuerwehr-feistritz.at\/wp-content\/uploads\/2022\/10\/IMG_6732-150x150.jpeg\",\"orientation\":\"landscape\"},\"medium\":{\"height\":225,\"width\":300,\"url\":\"https:\/\/feuerwehr-feistritz.at\/wp-content\/uploads\/2022\/10\/IMG_6732-300x225.jpeg\",\"orientation\":\"landscape\"},\"large\":{\"height\":768,\"width\":1024,\"url\":\"https:\/\/feuerwehr-feistritz.at\/wp-content\/uploads\/2022\/10\/IMG_6732-1024x768.jpeg\",\"orientation\":\"landscape\"},\"full\":{\"url\":\"https:\/\/feuerwehr-feistritz.at\/wp-content\/uploads\/2022\/10\/IMG_6732.jpeg\",\"height\":907,\"width\":1209,\"orientation\":\"landscape\"}},\"meta\":false,\"postlink\":\"https:\/\/feuerwehr-feistritz.at\/?attachment_id=3162\"},{\"id\":3163,\"title\":\"IMG_6738\",\"url\":\"https:\/\/feuerwehr-feistritz.at\/wp-content\/uploads\/2022\/10\/IMG_6738.jpeg\",\"link\":\"https:\/\/feuerwehr-feistritz.at\/?attachment_id=3163\",\"alt\":\"\",\"description\":\"\",\"caption\":\"\",\"mime\":\"image\/jpeg\",\"type\":\"image\",\"width\":1209,\"height\":907,\"sizes\":{\"thumbnail\":{\"height\":150,\"width\":150,\"url\":\"https:\/\/feuerwehr-feistritz.at\/wp-content\/uploads\/2022\/10\/IMG_6738-150x150.jpeg\",\"orientation\":\"landscape\"},\"medium\":{\"height\":225,\"width\":300,\"url\":\"https:\/\/feuerwehr-feistritz.at\/wp-content\/uploads\/2022\/10\/IMG_6738-300x225.jpeg\",\"orientation\":\"landscape\"},\"large\":{\"height\":768,\"width\":1024,\"url\":\"https:\/\/feuerwehr-feistritz.at\/wp-content\/uploads\/2022\/10\/IMG_6738-1024x768.jpeg\",\"orientation\":\"landscape\"},\"full\":{\"url\":\"https:\/\/feuerwehr-feistritz.at\/wp-content\/uploads\/2022\/10\/IMG_6738.jpeg\",\"height\":907,\"width\":1209,\"orientation\":\"landscape\"}},\"meta\":false,\"postlink\":\"https:\/\/feuerwehr-feistritz.at\/?attachment_id=3163\"},{\"id\":3164,\"title\":\"IMG_6748\",\"url\":\"https:\/\/feuerwehr-feistritz.at\/wp-content\/uploads\/2022\/10\/IMG_6748.jpeg\",\"link\":\"https:\/\/feuerwehr-feistritz.at\/?attachment_id=3164\",\"alt\":\"\",\"description\":\"\",\"caption\":\"\",\"mime\":\"image\/jpeg\",\"type\":\"image\",\"width\":1209,\"height\":907,\"sizes\":{\"thumbnail\":{\"height\":150,\"width\":150,\"url\":\"https:\/\/feuerwehr-feistritz.at\/wp-content\/uploads\/2022\/10\/IMG_6748-150x150.jpeg\",\"orientation\":\"landscape\"},\"medium\":{\"height\":225,\"width\":300,\"url\":\"https:\/\/feuerwehr-feistritz.at\/wp-content\/uploads\/2022\/10\/IMG_6748-300x225.jpeg\",\"orientation\":\"landscape\"},\"large\":{\"height\":768,\"width\":1024,\"url\":\"https:\/\/feuerwehr-feistritz.at\/wp-content\/uploads\/2022\/10\/IMG_6748-1024x768.jpeg\",\"orientation\":\"landscape\"},\"full\":{\"url\":\"https:\/\/feuerwehr-feistritz.at\/wp-content\/uploads\/2022\/10\/IMG_6748.jpeg\",\"height\":907,\"width\":1209,\"orientation\":\"landscape\"}},\"meta\":false,\"postlink\":\"https:\/\/feuerwehr-feistritz.at\/?attachment_id=3164\"},{\"id\":3165,\"title\":\"IMG_6763\",\"url\":\"https:\/\/feuerwehr-feistritz.at\/wp-content\/uploads\/2022\/10\/IMG_6763.jpeg\",\"link\":\"https:\/\/feuerwehr-feistritz.at\/?attachment_id=3165\",\"alt\":\"\",\"description\":\"\",\"caption\":\"\",\"mime\":\"image\/jpeg\",\"type\":\"image\",\"width\":1209,\"height\":907,\"sizes\":{\"thumbnail\":{\"height\":150,\"width\":150,\"url\":\"https:\/\/feuerwehr-feistritz.at\/wp-content\/uploads\/2022\/10\/IMG_6763-150x150.jpeg\",\"orientation\":\"landscape\"},\"medium\":{\"height\":225,\"width\":300,\"url\":\"https:\/\/feuerwehr-feistritz.at\/wp-content\/uploads\/2022\/10\/IMG_6763-300x225.jpeg\",\"orientation\":\"landscape\"},\"large\":{\"height\":768,\"width\":1024,\"url\":\"https:\/\/feuerwehr-feistritz.at\/wp-content\/uploads\/2022\/10\/IMG_6763-1024x768.jpeg\",\"orientation\":\"landscape\"},\"full\":{\"url\":\"https:\/\/feuerwehr-feistritz.at\/wp-content\/uploads\/2022\/10\/IMG_6763.jpeg\",\"height\":907,\"width\":1209,\"orientation\":\"landscape\"}},\"meta\":false,\"postlink\":\"https:\/\/feuerwehr-feistritz.at\/?attachment_id=3165\"},{\"id\":3166,\"title\":\"IMG_6770\",\"url\":\"https:\/\/feuerwehr-feistritz.at\/wp-content\/uploads\/2022\/10\/IMG_6770.jpeg\",\"link\":\"https:\/\/feuerwehr-feistritz.at\/?attachment_id=3166\",\"alt\":\"\",\"description\":\"\",\"caption\":\"\",\"mime\":\"image\/jpeg\",\"type\":\"image\",\"width\":1209,\"height\":907,\"sizes\":{\"thumbnail\":{\"height\":150,\"width\":150,\"url\":\"https:\/\/feuerwehr-feistritz.at\/wp-content\/uploads\/2022\/10\/IMG_6770-150x150.jpeg\",\"orientation\":\"landscape\"},\"medium\":{\"height\":225,\"width\":300,\"url\":\"https:\/\/feuerwehr-feistritz.at\/wp-content\/uploads\/2022\/10\/IMG_6770-300x225.jpeg\",\"orientation\":\"landscape\"},\"large\":{\"height\":768,\"width\":1024,\"url\":\"https:\/\/feuerwehr-feistritz.at\/wp-content\/uploads\/2022\/10\/IMG_6770-1024x768.jpeg\",\"orientation\":\"landscape\"},\"full\":{\"url\":\"https:\/\/feuerwehr-feistritz.at\/wp-content\/uploads\/2022\/10\/IMG_6770.jpeg\",\"height\":907,\"width\":1209,\"orientation\":\"landscape\"}},\"meta\":false,\"postlink\":\"https:\/\/feuerwehr-feistritz.at\/?attachment_id=3166\"},{\"id\":3167,\"title\":\"IMG_6773\",\"url\":\"https:\/\/feuerwehr-feistritz.at\/wp-content\/uploads\/2022\/10\/IMG_6773.jpeg\",\"link\":\"https:\/\/feuerwehr-feistritz.at\/?attachment_id=3167\",\"alt\":\"\",\"description\":\"\",\"caption\":\"\",\"mime\":\"image\/jpeg\",\"type\":\"image\",\"width\":1209,\"height\":907,\"sizes\":{\"thumbnail\":{\"height\":150,\"width\":150,\"url\":\"https:\/\/feuerwehr-feistritz.at\/wp-content\/uploads\/2022\/10\/IMG_6773-150x150.jpeg\",\"orientation\":\"landscape\"},\"medium\":{\"height\":225,\"width\":300,\"url\":\"https:\/\/feuerwehr-feistritz.at\/wp-content\/uploads\/2022\/10\/IMG_6773-300x225.jpeg\",\"orientation\":\"landscape\"},\"large\":{\"height\":768,\"width\":1024,\"url\":\"https:\/\/feuerwehr-feistritz.at\/wp-content\/uploads\/2022\/10\/IMG_6773-1024x768.jpeg\",\"orientation\":\"landscape\"},\"full\":{\"url\":\"https:\/\/feuerwehr-feistritz.at\/wp-content\/uploads\/2022\/10\/IMG_6773.jpeg\",\"height\":907,\"width\":1209,\"orientation\":\"landscape\"}},\"meta\":false,\"postlink\":\"https:\/\/feuerwehr-feistritz.at\/?attachment_id=3167\"},{\"id\":3168,\"title\":\"IMG_6775\",\"url\":\"https:\/\/feuerwehr-feistritz.at\/wp-content\/uploads\/2022\/10\/IMG_6775.jpeg\",\"link\":\"https:\/\/feuerwehr-feistritz.at\/?attachment_id=3168\",\"alt\":\"\",\"description\":\"\",\"caption\":\"\",\"mime\":\"image\/jpeg\",\"type\":\"image\",\"width\":1209,\"height\":907,\"sizes\":{\"thumbnail\":{\"height\":150,\"width\":150,\"url\":\"https:\/\/feuerwehr-feistritz.at\/wp-content\/uploads\/2022\/10\/IMG_6775-150x150.jpeg\",\"orientation\":\"landscape\"},\"medium\":{\"height\":225,\"width\":300,\"url\":\"https:\/\/feuerwehr-feistritz.at\/wp-content\/uploads\/2022\/10\/IMG_6775-300x225.jpeg\",\"orientation\":\"landscape\"},\"large\":{\"height\":768,\"width\":1024,\"url\":\"https:\/\/feuerwehr-feistritz.at\/wp-content\/uploads\/2022\/10\/IMG_6775-1024x768.jpeg\",\"orientation\":\"landscape\"},\"full\":{\"url\":\"https:\/\/feuerwehr-feistritz.at\/wp-content\/uploads\/2022\/10\/IMG_6775.jpeg\",\"height\":907,\"width\":1209,\"orientation\":\"landscape\"}},\"meta\":false,\"postlink\":\"https:\/\/feuerwehr-feistritz.at\/?attachment_id=3168\"}],\"itemsMetaDataCollection\":[]}<\/script><script>(function(){if(window.PGC_SGB && window.PGC_SGB.searcher){window.PGC_SGB.searcher.initBlocks()}})()<\/script><\/div>\n\n<div class=\"taxonomy-post_tag wp-block-post-terms\"><a href=\"https:\/\/feuerwehr-feistritz.at\/index.php\/tag\/a10\/\" rel=\"tag\">A10<\/a><span class=\"wp-block-post-terms__separator\">, <\/span><a href=\"https:\/\/feuerwehr-feistritz.at\/index.php\/tag\/eingeklemmte-person\/\" rel=\"tag\">eingeklemmte Person<\/a><span class=\"wp-block-post-terms__separator\">, <\/span><a href=\"https:\/\/feuerwehr-feistritz.at\/index.php\/tag\/technischer-einsatz\/\" rel=\"tag\">Technischer Einsatz<\/a><span class=\"wp-block-post-terms__separator\">, <\/span><a href=\"https:\/\/feuerwehr-feistritz.at\/index.php\/tag\/verkehrsunfall\/\" rel=\"tag\">Verkehrsunfall<\/a><\/div>","protected":false},"excerpt":{"rendered":"<p>In den fr\u00fchen Morgenstunden kam es auf der Tauernautobahn A10 [&hellip;]<\/p>\n","protected":false},"author":2,"featured_media":3163,"template":"","meta":{"pgc_sgb_lightbox_settings":"","einsatz_weight":1,"footnotes":""},"categories":[2],"tags":[16,17,22,13],"einsatzart":[],"fahrzeug":[47,102,103,107,101,45,46],"exteinsatzmittel":[112,50,114,115,51],"alarmierungsart":[52],"evw_unit":[73,64,108,56],"class_list":["post-3160","einsatz","type-einsatz","status-publish","has-post-thumbnail","hentry","category-einsatz","tag-a10","tag-eingeklemmte-person","tag-technischer-einsatz","tag-verkehrsunfall","fahrzeug-krf-s","fahrzeug-krfw-tunnel","fahrzeug-lf","fahrzeug-mzfa-2","fahrzeug-rlfa-2000-3","fahrzeug-rlfa-2000","fahrzeug-tlfa-4000","exteinsatzmittel-asfinag","exteinsatzmittel-polizei-kaernten","exteinsatzmittel-privates-abschleppunternehmen","exteinsatzmittel-rettungshubschrauber-rk1","exteinsatzmittel-rotes-kreuz-kaernten","alarmierungsart-sirenenalarm","evw_unit-btf-evonik-peroxid-gmbh","evw_unit-feuerwehr-feistritz-drau","evw_unit-feuerwehr-st-peter-spittal","evw_unit-feuerwehr-toeplitsch","col-md-4 col-sm-4"],"_links":{"self":[{"href":"https:\/\/feuerwehr-feistritz.at\/index.php\/wp-json\/wp\/v2\/einsatz\/3160","targetHints":{"allow":["GET"]}}],"collection":[{"href":"https:\/\/feuerwehr-feistritz.at\/index.php\/wp-json\/wp\/v2\/einsatz"}],"about":[{"href":"https:\/\/feuerwehr-feistritz.at\/index.php\/wp-json\/wp\/v2\/types\/einsatz"}],"author":[{"embeddable":true,"href":"https:\/\/feuerwehr-feistritz.at\/index.php\/wp-json\/wp\/v2\/users\/2"}],"version-history":[{"count":2,"href":"https:\/\/feuerwehr-feistritz.at\/index.php\/wp-json\/wp\/v2\/einsatz\/3160\/revisions"}],"predecessor-version":[{"id":3169,"href":"https:\/\/feuerwehr-feistritz.at\/index.php\/wp-json\/wp\/v2\/einsatz\/3160\/revisions\/3169"}],"wp:featuredmedia":[{"embeddable":true,"href":"https:\/\/feuerwehr-feistritz.at\/index.php\/wp-json\/wp\/v2\/media\/3163"}],"wp:attachment":[{"href":"https:\/\/feuerwehr-feistritz.at\/index.php\/wp-json\/wp\/v2\/media?parent=3160"}],"wp:term":[{"taxonomy":"category","embeddable":true,"href":"https:\/\/feuerwehr-feistritz.at\/index.php\/wp-json\/wp\/v2\/categories?post=3160"},{"taxonomy":"post_tag","embeddable":true,"href":"https:\/\/feuerwehr-feistritz.at\/index.php\/wp-json\/wp\/v2\/tags?post=3160"},{"taxonomy":"einsatzart","embeddable":true,"href":"https:\/\/feuerwehr-feistritz.at\/index.php\/wp-json\/wp\/v2\/einsatzart?post=3160"},{"taxonomy":"fahrzeug","embeddable":true,"href":"https:\/\/feuerwehr-feistritz.at\/index.php\/wp-json\/wp\/v2\/fahrzeug?post=3160"},{"taxonomy":"exteinsatzmittel","embeddable":true,"href":"https:\/\/feuerwehr-feistritz.at\/index.php\/wp-json\/wp\/v2\/exteinsatzmittel?post=3160"},{"taxonomy":"alarmierungsart","embeddable":true,"href":"https:\/\/feuerwehr-feistritz.at\/index.php\/wp-json\/wp\/v2\/alarmierungsart?post=3160"},{"taxonomy":"evw_unit","embeddable":true,"href":"https:\/\/feuerwehr-feistritz.at\/index.php\/wp-json\/wp\/v2\/evw_unit?post=3160"}],"curies":[{"name":"wp","href":"https:\/\/api.w.org\/{rel}","templated":true}]}}