{"id":3268,"date":"2023-02-18T18:03:00","date_gmt":"2023-02-18T17:03:00","guid":{"rendered":"https:\/\/feuerwehr-feistritz.at\/?post_type=einsatz&#038;p=3268"},"modified":"2023-02-24T09:57:41","modified_gmt":"2023-02-24T08:57:41","slug":"t1-ausleuchten-kraftwerk-paternion","status":"publish","type":"einsatz","link":"https:\/\/feuerwehr-feistritz.at\/index.php\/einsatzberichte\/3268-t1-ausleuchten-kraftwerk-paternion\/","title":{"rendered":"T1, Ausleuchten, Kraftwerk Paternion"},"content":{"rendered":"<p>In den fr\u00fchen Abendstunden gegen 18.03Uhr, wurden wir zur Unterst\u00fctzung der Feuerwehr Paternion zum Draukraftwerk Verbund alarmiert.<\/p>\n<p>Aufgrund des schweren Verkehrsunfalles auf der B100 H\u00f6he Mautbr\u00fccken, musste die Feuerwehr Paternion und Ferndorf die \u00d6lsperre auf der Drau errichten.<\/p>\n<p>Durch die Feuerwehr Feistritz wurde eine umfassende Beleuchtung im Bereich Kraftwerk und im Ankerpunkt der \u00d6lsperre errichtet, damit die Arbeiten an der Errichtung der \u00d6lsperre sicher durchgef\u00fchrt werden konnten.<\/p>\n\n<div class=\"pgc-sgb-cb wp-block-pgcsimplygalleryblock-slider \" data-gallery-id=\"0f797010\"style=&quot;min-height:400px&quot;><div class=\"sgb-preloader\" id=\"pr_0f797010\">\n\t<div class=\"sgb-square\" style=\"background:#d4d4d4\"><\/div>\n\t<div class=\"sgb-square\" style=\"background:#d4d4d4\"><\/div>\n\t<div class=\"sgb-square\" style=\"background:#d4d4d4\"><\/div>\n\t<div class=\"sgb-square\" style=\"background:#d4d4d4\"><\/div><\/div><div class=\"simply-gallery-amp pgc_sgb_slider \"><noscript><div class=\"sgb-gallery\"><div class=\"sgb-item\"><a href=\"https:\/\/feuerwehr-feistritz.at\/?attachment_id=3269\" target=\"_blank\"><img decoding=\"async\" alt=\"\" width=\"300\" height=\"225\" loading=\"lazy\" src=\"https:\/\/feuerwehr-feistritz.at\/wp-content\/uploads\/2023\/02\/ert-300x225.jpeg\" srcset=\"https:\/\/feuerwehr-feistritz.at\/wp-content\/uploads\/2023\/02\/ert-300x225.jpeg 300w,https:\/\/feuerwehr-feistritz.at\/wp-content\/uploads\/2023\/02\/ert-1024x768.jpeg 1024w,https:\/\/feuerwehr-feistritz.at\/wp-content\/uploads\/2023\/02\/ert.jpeg 1600w\" sizes=\"auto, 250px\"\/><\/a><\/div><div class=\"sgb-item\"><a href=\"https:\/\/feuerwehr-feistritz.at\/?attachment_id=3270\" target=\"_blank\"><img decoding=\"async\" alt=\"\" width=\"300\" height=\"225\" loading=\"lazy\" src=\"https:\/\/feuerwehr-feistritz.at\/wp-content\/uploads\/2023\/02\/fgs-300x225.jpeg\" srcset=\"https:\/\/feuerwehr-feistritz.at\/wp-content\/uploads\/2023\/02\/fgs-300x225.jpeg 300w,https:\/\/feuerwehr-feistritz.at\/wp-content\/uploads\/2023\/02\/fgs-1024x768.jpeg 1024w,https:\/\/feuerwehr-feistritz.at\/wp-content\/uploads\/2023\/02\/fgs.jpeg 1600w\" sizes=\"auto, 250px\"\/><\/a><\/div><div class=\"sgb-item\"><a href=\"https:\/\/feuerwehr-feistritz.at\/?attachment_id=3271\" target=\"_blank\"><img decoding=\"async\" alt=\"\" width=\"300\" height=\"225\" loading=\"lazy\" src=\"https:\/\/feuerwehr-feistritz.at\/wp-content\/uploads\/2023\/02\/lk-300x225.jpeg\" srcset=\"https:\/\/feuerwehr-feistritz.at\/wp-content\/uploads\/2023\/02\/lk-300x225.jpeg 300w,https:\/\/feuerwehr-feistritz.at\/wp-content\/uploads\/2023\/02\/lk-1024x768.jpeg 1024w,https:\/\/feuerwehr-feistritz.at\/wp-content\/uploads\/2023\/02\/lk.jpeg 1600w\" sizes=\"auto, 250px\"\/><\/a><\/div><div class=\"sgb-item\"><a href=\"https:\/\/feuerwehr-feistritz.at\/?attachment_id=3272\" target=\"_blank\"><img decoding=\"async\" alt=\"\" width=\"300\" height=\"225\" loading=\"lazy\" src=\"https:\/\/feuerwehr-feistritz.at\/wp-content\/uploads\/2023\/02\/nbm-300x225.jpeg\" srcset=\"https:\/\/feuerwehr-feistritz.at\/wp-content\/uploads\/2023\/02\/nbm-300x225.jpeg 300w,https:\/\/feuerwehr-feistritz.at\/wp-content\/uploads\/2023\/02\/nbm-1024x768.jpeg 1024w,https:\/\/feuerwehr-feistritz.at\/wp-content\/uploads\/2023\/02\/nbm.jpeg 1600w\" sizes=\"auto, 250px\"\/><\/a><\/div><div class=\"sgb-item\"><a href=\"https:\/\/feuerwehr-feistritz.at\/?attachment_id=3273\" target=\"_blank\"><img decoding=\"async\" alt=\"\" width=\"300\" height=\"225\" loading=\"lazy\" src=\"https:\/\/feuerwehr-feistritz.at\/wp-content\/uploads\/2023\/02\/tzju-300x225.jpeg\" srcset=\"https:\/\/feuerwehr-feistritz.at\/wp-content\/uploads\/2023\/02\/tzju-300x225.jpeg 300w,https:\/\/feuerwehr-feistritz.at\/wp-content\/uploads\/2023\/02\/tzju-1024x768.jpeg 1024w,https:\/\/feuerwehr-feistritz.at\/wp-content\/uploads\/2023\/02\/tzju.jpeg 1600w\" sizes=\"auto, 250px\"\/><\/a><\/div><div class=\"sgb-item\"><a href=\"https:\/\/feuerwehr-feistritz.at\/?attachment_id=3274\" target=\"_blank\"><img decoding=\"async\" alt=\"\" width=\"300\" height=\"225\" loading=\"lazy\" src=\"https:\/\/feuerwehr-feistritz.at\/wp-content\/uploads\/2023\/02\/vb-1-300x225.jpeg\" srcset=\"https:\/\/feuerwehr-feistritz.at\/wp-content\/uploads\/2023\/02\/vb-1-300x225.jpeg 300w,https:\/\/feuerwehr-feistritz.at\/wp-content\/uploads\/2023\/02\/vb-1-1024x768.jpeg 1024w,https:\/\/feuerwehr-feistritz.at\/wp-content\/uploads\/2023\/02\/vb-1.jpeg 1600w\" sizes=\"auto, 250px\"\/><\/a><\/div><div class=\"sgb-item\"><a href=\"https:\/\/feuerwehr-feistritz.at\/?attachment_id=3275\" target=\"_blank\"><img decoding=\"async\" alt=\"\" width=\"300\" height=\"225\" loading=\"lazy\" src=\"https:\/\/feuerwehr-feistritz.at\/wp-content\/uploads\/2023\/02\/wer-300x225.jpeg\" srcset=\"https:\/\/feuerwehr-feistritz.at\/wp-content\/uploads\/2023\/02\/wer-300x225.jpeg 300w,https:\/\/feuerwehr-feistritz.at\/wp-content\/uploads\/2023\/02\/wer-1024x768.jpeg 1024w,https:\/\/feuerwehr-feistritz.at\/wp-content\/uploads\/2023\/02\/wer.jpeg 1600w\" sizes=\"auto, 250px\"\/><\/a><\/div><div class=\"sgb-item\"><a href=\"https:\/\/feuerwehr-feistritz.at\/?attachment_id=3276\" target=\"_blank\"><img decoding=\"async\" alt=\"\" width=\"300\" height=\"225\" loading=\"lazy\" src=\"https:\/\/feuerwehr-feistritz.at\/wp-content\/uploads\/2023\/02\/WhatsApp-Bild-2023-02-19-um-13.11.12-300x225.jpeg\" srcset=\"https:\/\/feuerwehr-feistritz.at\/wp-content\/uploads\/2023\/02\/WhatsApp-Bild-2023-02-19-um-13.11.12-300x225.jpeg 300w,https:\/\/feuerwehr-feistritz.at\/wp-content\/uploads\/2023\/02\/WhatsApp-Bild-2023-02-19-um-13.11.12-1024x768.jpeg 1024w,https:\/\/feuerwehr-feistritz.at\/wp-content\/uploads\/2023\/02\/WhatsApp-Bild-2023-02-19-um-13.11.12.jpeg 1600w\" sizes=\"auto, 250px\"\/><\/a><\/div><div class=\"sgb-item\"><a href=\"https:\/\/feuerwehr-feistritz.at\/?attachment_id=3277\" target=\"_blank\"><img decoding=\"async\" alt=\"\" width=\"300\" height=\"225\" loading=\"lazy\" src=\"https:\/\/feuerwehr-feistritz.at\/wp-content\/uploads\/2023\/02\/xvb-300x225.jpeg\" srcset=\"https:\/\/feuerwehr-feistritz.at\/wp-content\/uploads\/2023\/02\/xvb-300x225.jpeg 300w,https:\/\/feuerwehr-feistritz.at\/wp-content\/uploads\/2023\/02\/xvb-1024x768.jpeg 1024w,https:\/\/feuerwehr-feistritz.at\/wp-content\/uploads\/2023\/02\/xvb.jpeg 1600w\" sizes=\"auto, 250px\"\/><\/a><\/div><\/div><\/noscript><\/div><script type=\"application\/json\" class=\"sgb-data\">{\"sliderAdminWidth\":840,\"galleryType\":\"pgc_sgb_slider\",\"galleryId\":\"0f797010\",\"images\":[{\"id\":3269,\"title\":\"ert\",\"url\":\"https:\/\/feuerwehr-feistritz.at\/wp-content\/uploads\/2023\/02\/ert.jpeg\",\"link\":\"https:\/\/feuerwehr-feistritz.at\/?attachment_id=3269\",\"alt\":\"\",\"description\":\"\",\"caption\":\"\",\"mime\":\"image\/jpeg\",\"type\":\"image\",\"width\":1600,\"height\":1200,\"sizes\":{\"thumbnail\":{\"height\":150,\"width\":150,\"url\":\"https:\/\/feuerwehr-feistritz.at\/wp-content\/uploads\/2023\/02\/ert-150x150.jpeg\",\"orientation\":\"landscape\"},\"medium\":{\"height\":225,\"width\":300,\"url\":\"https:\/\/feuerwehr-feistritz.at\/wp-content\/uploads\/2023\/02\/ert-300x225.jpeg\",\"orientation\":\"landscape\"},\"large\":{\"height\":768,\"width\":1024,\"url\":\"https:\/\/feuerwehr-feistritz.at\/wp-content\/uploads\/2023\/02\/ert-1024x768.jpeg\",\"orientation\":\"landscape\"},\"full\":{\"url\":\"https:\/\/feuerwehr-feistritz.at\/wp-content\/uploads\/2023\/02\/ert.jpeg\",\"height\":1200,\"width\":1600,\"orientation\":\"landscape\"}},\"meta\":false,\"postlink\":\"https:\/\/feuerwehr-feistritz.at\/?attachment_id=3269\"},{\"id\":3270,\"title\":\"fgs\",\"url\":\"https:\/\/feuerwehr-feistritz.at\/wp-content\/uploads\/2023\/02\/fgs.jpeg\",\"link\":\"https:\/\/feuerwehr-feistritz.at\/?attachment_id=3270\",\"alt\":\"\",\"description\":\"\",\"caption\":\"\",\"mime\":\"image\/jpeg\",\"type\":\"image\",\"width\":1600,\"height\":1200,\"sizes\":{\"thumbnail\":{\"height\":150,\"width\":150,\"url\":\"https:\/\/feuerwehr-feistritz.at\/wp-content\/uploads\/2023\/02\/fgs-150x150.jpeg\",\"orientation\":\"landscape\"},\"medium\":{\"height\":225,\"width\":300,\"url\":\"https:\/\/feuerwehr-feistritz.at\/wp-content\/uploads\/2023\/02\/fgs-300x225.jpeg\",\"orientation\":\"landscape\"},\"large\":{\"height\":768,\"width\":1024,\"url\":\"https:\/\/feuerwehr-feistritz.at\/wp-content\/uploads\/2023\/02\/fgs-1024x768.jpeg\",\"orientation\":\"landscape\"},\"full\":{\"url\":\"https:\/\/feuerwehr-feistritz.at\/wp-content\/uploads\/2023\/02\/fgs.jpeg\",\"height\":1200,\"width\":1600,\"orientation\":\"landscape\"}},\"meta\":false,\"postlink\":\"https:\/\/feuerwehr-feistritz.at\/?attachment_id=3270\"},{\"id\":3271,\"title\":\"lk\",\"url\":\"https:\/\/feuerwehr-feistritz.at\/wp-content\/uploads\/2023\/02\/lk.jpeg\",\"link\":\"https:\/\/feuerwehr-feistritz.at\/?attachment_id=3271\",\"alt\":\"\",\"description\":\"\",\"caption\":\"\",\"mime\":\"image\/jpeg\",\"type\":\"image\",\"width\":1600,\"height\":1200,\"sizes\":{\"thumbnail\":{\"height\":150,\"width\":150,\"url\":\"https:\/\/feuerwehr-feistritz.at\/wp-content\/uploads\/2023\/02\/lk-150x150.jpeg\",\"orientation\":\"landscape\"},\"medium\":{\"height\":225,\"width\":300,\"url\":\"https:\/\/feuerwehr-feistritz.at\/wp-content\/uploads\/2023\/02\/lk-300x225.jpeg\",\"orientation\":\"landscape\"},\"large\":{\"height\":768,\"width\":1024,\"url\":\"https:\/\/feuerwehr-feistritz.at\/wp-content\/uploads\/2023\/02\/lk-1024x768.jpeg\",\"orientation\":\"landscape\"},\"full\":{\"url\":\"https:\/\/feuerwehr-feistritz.at\/wp-content\/uploads\/2023\/02\/lk.jpeg\",\"height\":1200,\"width\":1600,\"orientation\":\"landscape\"}},\"meta\":false,\"postlink\":\"https:\/\/feuerwehr-feistritz.at\/?attachment_id=3271\"},{\"id\":3272,\"title\":\"nb,m\",\"url\":\"https:\/\/feuerwehr-feistritz.at\/wp-content\/uploads\/2023\/02\/nbm.jpeg\",\"link\":\"https:\/\/feuerwehr-feistritz.at\/?attachment_id=3272\",\"alt\":\"\",\"description\":\"\",\"caption\":\"\",\"mime\":\"image\/jpeg\",\"type\":\"image\",\"width\":1600,\"height\":1200,\"sizes\":{\"thumbnail\":{\"height\":150,\"width\":150,\"url\":\"https:\/\/feuerwehr-feistritz.at\/wp-content\/uploads\/2023\/02\/nbm-150x150.jpeg\",\"orientation\":\"landscape\"},\"medium\":{\"height\":225,\"width\":300,\"url\":\"https:\/\/feuerwehr-feistritz.at\/wp-content\/uploads\/2023\/02\/nbm-300x225.jpeg\",\"orientation\":\"landscape\"},\"large\":{\"height\":768,\"width\":1024,\"url\":\"https:\/\/feuerwehr-feistritz.at\/wp-content\/uploads\/2023\/02\/nbm-1024x768.jpeg\",\"orientation\":\"landscape\"},\"full\":{\"url\":\"https:\/\/feuerwehr-feistritz.at\/wp-content\/uploads\/2023\/02\/nbm.jpeg\",\"height\":1200,\"width\":1600,\"orientation\":\"landscape\"}},\"meta\":false,\"postlink\":\"https:\/\/feuerwehr-feistritz.at\/?attachment_id=3272\"},{\"id\":3273,\"title\":\"tzju\",\"url\":\"https:\/\/feuerwehr-feistritz.at\/wp-content\/uploads\/2023\/02\/tzju.jpeg\",\"link\":\"https:\/\/feuerwehr-feistritz.at\/?attachment_id=3273\",\"alt\":\"\",\"description\":\"\",\"caption\":\"\",\"mime\":\"image\/jpeg\",\"type\":\"image\",\"width\":1600,\"height\":1200,\"sizes\":{\"thumbnail\":{\"height\":150,\"width\":150,\"url\":\"https:\/\/feuerwehr-feistritz.at\/wp-content\/uploads\/2023\/02\/tzju-150x150.jpeg\",\"orientation\":\"landscape\"},\"medium\":{\"height\":225,\"width\":300,\"url\":\"https:\/\/feuerwehr-feistritz.at\/wp-content\/uploads\/2023\/02\/tzju-300x225.jpeg\",\"orientation\":\"landscape\"},\"large\":{\"height\":768,\"width\":1024,\"url\":\"https:\/\/feuerwehr-feistritz.at\/wp-content\/uploads\/2023\/02\/tzju-1024x768.jpeg\",\"orientation\":\"landscape\"},\"full\":{\"url\":\"https:\/\/feuerwehr-feistritz.at\/wp-content\/uploads\/2023\/02\/tzju.jpeg\",\"height\":1200,\"width\":1600,\"orientation\":\"landscape\"}},\"meta\":false,\"postlink\":\"https:\/\/feuerwehr-feistritz.at\/?attachment_id=3273\"},{\"id\":3274,\"title\":\"vb\",\"url\":\"https:\/\/feuerwehr-feistritz.at\/wp-content\/uploads\/2023\/02\/vb-1.jpeg\",\"link\":\"https:\/\/feuerwehr-feistritz.at\/?attachment_id=3274\",\"alt\":\"\",\"description\":\"\",\"caption\":\"\",\"mime\":\"image\/jpeg\",\"type\":\"image\",\"width\":1600,\"height\":1200,\"sizes\":{\"thumbnail\":{\"height\":150,\"width\":150,\"url\":\"https:\/\/feuerwehr-feistritz.at\/wp-content\/uploads\/2023\/02\/vb-1-150x150.jpeg\",\"orientation\":\"landscape\"},\"medium\":{\"height\":225,\"width\":300,\"url\":\"https:\/\/feuerwehr-feistritz.at\/wp-content\/uploads\/2023\/02\/vb-1-300x225.jpeg\",\"orientation\":\"landscape\"},\"large\":{\"height\":768,\"width\":1024,\"url\":\"https:\/\/feuerwehr-feistritz.at\/wp-content\/uploads\/2023\/02\/vb-1-1024x768.jpeg\",\"orientation\":\"landscape\"},\"full\":{\"url\":\"https:\/\/feuerwehr-feistritz.at\/wp-content\/uploads\/2023\/02\/vb-1.jpeg\",\"height\":1200,\"width\":1600,\"orientation\":\"landscape\"}},\"meta\":false,\"postlink\":\"https:\/\/feuerwehr-feistritz.at\/?attachment_id=3274\"},{\"id\":3275,\"title\":\"wer\",\"url\":\"https:\/\/feuerwehr-feistritz.at\/wp-content\/uploads\/2023\/02\/wer.jpeg\",\"link\":\"https:\/\/feuerwehr-feistritz.at\/?attachment_id=3275\",\"alt\":\"\",\"description\":\"\",\"caption\":\"\",\"mime\":\"image\/jpeg\",\"type\":\"image\",\"width\":1600,\"height\":1200,\"sizes\":{\"thumbnail\":{\"height\":150,\"width\":150,\"url\":\"https:\/\/feuerwehr-feistritz.at\/wp-content\/uploads\/2023\/02\/wer-150x150.jpeg\",\"orientation\":\"landscape\"},\"medium\":{\"height\":225,\"width\":300,\"url\":\"https:\/\/feuerwehr-feistritz.at\/wp-content\/uploads\/2023\/02\/wer-300x225.jpeg\",\"orientation\":\"landscape\"},\"large\":{\"height\":768,\"width\":1024,\"url\":\"https:\/\/feuerwehr-feistritz.at\/wp-content\/uploads\/2023\/02\/wer-1024x768.jpeg\",\"orientation\":\"landscape\"},\"full\":{\"url\":\"https:\/\/feuerwehr-feistritz.at\/wp-content\/uploads\/2023\/02\/wer.jpeg\",\"height\":1200,\"width\":1600,\"orientation\":\"landscape\"}},\"meta\":false,\"postlink\":\"https:\/\/feuerwehr-feistritz.at\/?attachment_id=3275\"},{\"id\":3276,\"title\":\"WhatsApp Bild 2023-02-19 um 13.11.12\",\"url\":\"https:\/\/feuerwehr-feistritz.at\/wp-content\/uploads\/2023\/02\/WhatsApp-Bild-2023-02-19-um-13.11.12.jpeg\",\"link\":\"https:\/\/feuerwehr-feistritz.at\/?attachment_id=3276\",\"alt\":\"\",\"description\":\"\",\"caption\":\"\",\"mime\":\"image\/jpeg\",\"type\":\"image\",\"width\":1600,\"height\":1200,\"sizes\":{\"thumbnail\":{\"height\":150,\"width\":150,\"url\":\"https:\/\/feuerwehr-feistritz.at\/wp-content\/uploads\/2023\/02\/WhatsApp-Bild-2023-02-19-um-13.11.12-150x150.jpeg\",\"orientation\":\"landscape\"},\"medium\":{\"height\":225,\"width\":300,\"url\":\"https:\/\/feuerwehr-feistritz.at\/wp-content\/uploads\/2023\/02\/WhatsApp-Bild-2023-02-19-um-13.11.12-300x225.jpeg\",\"orientation\":\"landscape\"},\"large\":{\"height\":768,\"width\":1024,\"url\":\"https:\/\/feuerwehr-feistritz.at\/wp-content\/uploads\/2023\/02\/WhatsApp-Bild-2023-02-19-um-13.11.12-1024x768.jpeg\",\"orientation\":\"landscape\"},\"full\":{\"url\":\"https:\/\/feuerwehr-feistritz.at\/wp-content\/uploads\/2023\/02\/WhatsApp-Bild-2023-02-19-um-13.11.12.jpeg\",\"height\":1200,\"width\":1600,\"orientation\":\"landscape\"}},\"meta\":false,\"postlink\":\"https:\/\/feuerwehr-feistritz.at\/?attachment_id=3276\"},{\"id\":3277,\"title\":\"xvb\",\"url\":\"https:\/\/feuerwehr-feistritz.at\/wp-content\/uploads\/2023\/02\/xvb.jpeg\",\"link\":\"https:\/\/feuerwehr-feistritz.at\/?attachment_id=3277\",\"alt\":\"\",\"description\":\"\",\"caption\":\"\",\"mime\":\"image\/jpeg\",\"type\":\"image\",\"width\":1600,\"height\":1200,\"sizes\":{\"thumbnail\":{\"height\":150,\"width\":150,\"url\":\"https:\/\/feuerwehr-feistritz.at\/wp-content\/uploads\/2023\/02\/xvb-150x150.jpeg\",\"orientation\":\"landscape\"},\"medium\":{\"height\":225,\"width\":300,\"url\":\"https:\/\/feuerwehr-feistritz.at\/wp-content\/uploads\/2023\/02\/xvb-300x225.jpeg\",\"orientation\":\"landscape\"},\"large\":{\"height\":768,\"width\":1024,\"url\":\"https:\/\/feuerwehr-feistritz.at\/wp-content\/uploads\/2023\/02\/xvb-1024x768.jpeg\",\"orientation\":\"landscape\"},\"full\":{\"url\":\"https:\/\/feuerwehr-feistritz.at\/wp-content\/uploads\/2023\/02\/xvb.jpeg\",\"height\":1200,\"width\":1600,\"orientation\":\"landscape\"}},\"meta\":false,\"postlink\":\"https:\/\/feuerwehr-feistritz.at\/?attachment_id=3277\"}],\"itemsMetaDataCollection\":[]}<\/script><script>(function(){if(window.PGC_SGB && window.PGC_SGB.searcher){window.PGC_SGB.searcher.initBlocks()}})()<\/script><\/div>","protected":false},"excerpt":{"rendered":"<p>In den fr\u00fchen Abendstunden gegen 18.03Uhr, wurden wir zur Unterst\u00fctzung [&hellip;]<\/p>\n","protected":false},"author":2,"featured_media":3272,"template":"","meta":{"pgc_sgb_lightbox_settings":"","einsatz_weight":1,"footnotes":""},"categories":[2],"tags":[26,22],"einsatzart":[42],"fahrzeug":[79,92,49,78,91,48,47,90,77,45,76,46],"exteinsatzmittel":[],"alarmierungsart":[52],"evw_unit":[64,60,57],"class_list":["post-3268","einsatz","type-einsatz","status-publish","has-post-thumbnail","hentry","category-einsatz","tag-ausleuchten","tag-technischer-einsatz","einsatzart-technischer-einsatz","fahrzeug-boot","fahrzeug-boot-4","fahrzeug-dlk-32","fahrzeug-klf","fahrzeug-klf-4","fahrzeug-klf-a","fahrzeug-krf-s","fahrzeug-lfa-4","fahrzeug-lfba","fahrzeug-rlfa-2000","fahrzeug-tlfa-2000","fahrzeug-tlfa-4000","alarmierungsart-sirenenalarm","evw_unit-feuerwehr-feistritz-drau","evw_unit-feuerwehr-ferndorf","evw_unit-feuerwehr-paternion","col-md-4 col-sm-4"],"_links":{"self":[{"href":"https:\/\/feuerwehr-feistritz.at\/index.php\/wp-json\/wp\/v2\/einsatz\/3268","targetHints":{"allow":["GET"]}}],"collection":[{"href":"https:\/\/feuerwehr-feistritz.at\/index.php\/wp-json\/wp\/v2\/einsatz"}],"about":[{"href":"https:\/\/feuerwehr-feistritz.at\/index.php\/wp-json\/wp\/v2\/types\/einsatz"}],"author":[{"embeddable":true,"href":"https:\/\/feuerwehr-feistritz.at\/index.php\/wp-json\/wp\/v2\/users\/2"}],"version-history":[{"count":1,"href":"https:\/\/feuerwehr-feistritz.at\/index.php\/wp-json\/wp\/v2\/einsatz\/3268\/revisions"}],"predecessor-version":[{"id":3278,"href":"https:\/\/feuerwehr-feistritz.at\/index.php\/wp-json\/wp\/v2\/einsatz\/3268\/revisions\/3278"}],"wp:featuredmedia":[{"embeddable":true,"href":"https:\/\/feuerwehr-feistritz.at\/index.php\/wp-json\/wp\/v2\/media\/3272"}],"wp:attachment":[{"href":"https:\/\/feuerwehr-feistritz.at\/index.php\/wp-json\/wp\/v2\/media?parent=3268"}],"wp:term":[{"taxonomy":"category","embeddable":true,"href":"https:\/\/feuerwehr-feistritz.at\/index.php\/wp-json\/wp\/v2\/categories?post=3268"},{"taxonomy":"post_tag","embeddable":true,"href":"https:\/\/feuerwehr-feistritz.at\/index.php\/wp-json\/wp\/v2\/tags?post=3268"},{"taxonomy":"einsatzart","embeddable":true,"href":"https:\/\/feuerwehr-feistritz.at\/index.php\/wp-json\/wp\/v2\/einsatzart?post=3268"},{"taxonomy":"fahrzeug","embeddable":true,"href":"https:\/\/feuerwehr-feistritz.at\/index.php\/wp-json\/wp\/v2\/fahrzeug?post=3268"},{"taxonomy":"exteinsatzmittel","embeddable":true,"href":"https:\/\/feuerwehr-feistritz.at\/index.php\/wp-json\/wp\/v2\/exteinsatzmittel?post=3268"},{"taxonomy":"alarmierungsart","embeddable":true,"href":"https:\/\/feuerwehr-feistritz.at\/index.php\/wp-json\/wp\/v2\/alarmierungsart?post=3268"},{"taxonomy":"evw_unit","embeddable":true,"href":"https:\/\/feuerwehr-feistritz.at\/index.php\/wp-json\/wp\/v2\/evw_unit?post=3268"}],"curies":[{"name":"wp","href":"https:\/\/api.w.org\/{rel}","templated":true}]}}